{"id":2395,"date":"2025-03-31T17:46:31","date_gmt":"2025-03-31T20:46:31","guid":{"rendered":"https:\/\/crtpropaganda.com.br\/raicargillprev\/?page_id=2395"},"modified":"2026-04-16T11:20:33","modified_gmt":"2026-04-16T14:20:33","slug":"mensagem-do-superintendente","status":"publish","type":"page","link":"https:\/\/cargillprev.com.br\/relatorio-anual-2025\/institucional-e-governanca\/mensagem-do-superintendente\/","title":{"rendered":"Mensagem do Superintendente"},"content":{"rendered":"\t\t<div data-elementor-type=\"wp-page\" data-elementor-id=\"2395\" class=\"elementor elementor-2395\">\n\t\t\t\t\t\t<section class=\"elementor-section elementor-top-section elementor-element elementor-element-16bb6e77 elementor-section-boxed elementor-section-height-default elementor-section-height-default\" data-id=\"16bb6e77\" data-element_type=\"section\" data-e-type=\"section\">\n\t\t\t\t\t\t<div class=\"elementor-container elementor-column-gap-default\">\n\t\t\t\t\t<div class=\"elementor-column elementor-col-100 elementor-top-column elementor-element elementor-element-2b7ed5e8\" data-id=\"2b7ed5e8\" data-element_type=\"column\" data-e-type=\"column\">\n\t\t\t<div class=\"elementor-widget-wrap elementor-element-populated\">\n\t\t\t\t\t\t<div class=\"elementor-element elementor-element-7d01ae87 box-destaque-materia elementor-widget elementor-widget-text-editor\" data-id=\"7d01ae87\" data-element_type=\"widget\" data-e-type=\"widget\" data-widget_type=\"text-editor.default\">\n\t\t\t\t<div class=\"elementor-widget-container\">\n\t\t\t\t\t\t\t\t\t<p>Compromisso que impulsiona o futuro.<\/p>\t\t\t\t\t\t\t\t<\/div>\n\t\t\t\t<\/div>\n\t\t\t\t\t<\/div>\n\t\t<\/div>\n\t\t\t\t\t<\/div>\n\t\t<\/section>\n\t\t\t\t<section class=\"elementor-section elementor-top-section elementor-element elementor-element-7b189229 elementor-section-boxed elementor-section-height-default elementor-section-height-default\" data-id=\"7b189229\" data-element_type=\"section\" data-e-type=\"section\">\n\t\t\t\t\t\t<div class=\"elementor-container elementor-column-gap-default\">\n\t\t\t\t\t<div class=\"elementor-column elementor-col-100 elementor-top-column elementor-element elementor-element-58f09ffb\" data-id=\"58f09ffb\" data-element_type=\"column\" data-e-type=\"column\">\n\t\t\t<div class=\"elementor-widget-wrap elementor-element-populated\">\n\t\t\t\t\t\t<div class=\"elementor-element elementor-element-4a43b854 elementor-widget elementor-widget-text-editor\" data-id=\"4a43b854\" data-element_type=\"widget\" data-e-type=\"widget\" data-widget_type=\"text-editor.default\">\n\t\t\t\t<div class=\"elementor-widget-container\">\n\t\t\t\t\t\t\t\t\t<p>Ao longo do ano, seguimos consistentes em nossa miss\u00e3o de cuidar do futuro previdenci\u00e1rio de cada Participante e Assistido, oferecendo solu\u00e7\u00f5es s\u00f3lidas, transparentes e alinhadas \u00e0s diferentes necessidades de quem confia na CargillPrev. Esse compromisso se reflete nas diversas iniciativas implementadas, sempre com foco na seguran\u00e7a, na clareza das informa\u00e7\u00f5es e na sustentabilidade dos nossos planos.<\/p>\t\t\t\t\t\t\t\t<\/div>\n\t\t\t\t<\/div>\n\t\t\t\t\t<\/div>\n\t\t<\/div>\n\t\t\t\t\t<\/div>\n\t\t<\/section>\n\t\t\t\t<section class=\"elementor-section elementor-top-section elementor-element elementor-element-7e180df elementor-section-boxed elementor-section-height-default elementor-section-height-default\" data-id=\"7e180df\" data-element_type=\"section\" data-e-type=\"section\">\n\t\t\t\t\t\t<div class=\"elementor-container elementor-column-gap-default\">\n\t\t\t\t\t<div class=\"elementor-column elementor-col-100 elementor-top-column elementor-element elementor-element-4c343441\" data-id=\"4c343441\" data-element_type=\"column\" data-e-type=\"column\">\n\t\t\t<div class=\"elementor-widget-wrap elementor-element-populated\">\n\t\t\t\t\t\t<div class=\"elementor-element elementor-element-77ce67ed elementor-widget elementor-widget-text-editor\" data-id=\"77ce67ed\" data-element_type=\"widget\" data-e-type=\"widget\" data-widget_type=\"text-editor.default\">\n\t\t\t\t<div class=\"elementor-widget-container\">\n\t\t\t\t\t\t\t\t\t<p>Vivenciamos, neste \u00faltimo ciclo, importantes evolu\u00e7\u00f5es em nossa governan\u00e7a, com a renova\u00e7\u00e3o dos Conselhos Deliberativo e Fiscal e mudan\u00e7as em nossas Diretorias de Superintend\u00eancia, Investimentos e Benef\u00edcios. N\u00f3s, novos dirigentes, assumimos as nossas fun\u00e7\u00f5es com responsabilidade, experi\u00eancia e vis\u00e3o de longo prazo, fortalecendo ainda mais a tomada de decis\u00f5es respons\u00e1veis e a solidez da gest\u00e3o da CargillPrev, em benef\u00edcio de todos os nossos Participantes e Assistidos.<\/p>\t\t\t\t\t\t\t\t<\/div>\n\t\t\t\t<\/div>\n\t\t\t\t\t<\/div>\n\t\t<\/div>\n\t\t\t\t\t<\/div>\n\t\t<\/section>\n\t\t\t\t<section class=\"elementor-section elementor-top-section elementor-element elementor-element-207e9cf elementor-section-boxed elementor-section-height-default elementor-section-height-default\" data-id=\"207e9cf\" data-element_type=\"section\" data-e-type=\"section\">\n\t\t\t\t\t\t<div class=\"elementor-container elementor-column-gap-default\">\n\t\t\t\t\t<div class=\"elementor-column elementor-col-100 elementor-top-column elementor-element elementor-element-7cfea775\" data-id=\"7cfea775\" data-element_type=\"column\" data-e-type=\"column\">\n\t\t\t<div class=\"elementor-widget-wrap elementor-element-populated\">\n\t\t\t\t\t\t<div class=\"elementor-element elementor-element-46360ed9 elementor-widget elementor-widget-text-editor\" data-id=\"46360ed9\" data-element_type=\"widget\" data-e-type=\"widget\" data-widget_type=\"text-editor.default\">\n\t\t\t\t<div class=\"elementor-widget-container\">\n\t\t\t\t\t\t\t\t\t<p>Ainda em 2025, a CargillPrev passou com \u00eaxito por um processo de fiscaliza\u00e7\u00e3o conduzido pela Previc (Superintend\u00eancia Nacional de Previd\u00eancia Complementar), que avaliou de forma ampla e criteriosa toda a estrutura da Entidade, com base em pr\u00e1ticas modernas de Supervis\u00e3o Baseada em Riscos e Supervis\u00e3o Tem\u00e1tica. A dilig\u00eancia envolveu a an\u00e1lise de m\u00faltiplos requisitos em todas as \u00e1reas, refor\u00e7ando o compromisso da Entidade com elevados padr\u00f5es de governan\u00e7a, gest\u00e3o e transpar\u00eancia. A Previc reconheceu a regularidade, a conformidade e a solidez da gest\u00e3o da CargillPrev, atestando a adequa\u00e7\u00e3o de seus processos e pr\u00e1ticas sem ressalvas.<\/p>\t\t\t\t\t\t\t\t<\/div>\n\t\t\t\t<\/div>\n\t\t\t\t\t<\/div>\n\t\t<\/div>\n\t\t\t\t\t<\/div>\n\t\t<\/section>\n\t\t\t\t<section class=\"elementor-section elementor-top-section elementor-element elementor-element-5776ce28 elementor-section-boxed elementor-section-height-default elementor-section-height-default\" data-id=\"5776ce28\" data-element_type=\"section\" data-e-type=\"section\">\n\t\t\t\t\t\t<div class=\"elementor-container elementor-column-gap-default\">\n\t\t\t\t\t<div class=\"elementor-column elementor-col-100 elementor-top-column elementor-element elementor-element-36f67d0\" data-id=\"36f67d0\" data-element_type=\"column\" data-e-type=\"column\">\n\t\t\t<div class=\"elementor-widget-wrap elementor-element-populated\">\n\t\t\t\t\t\t<div class=\"elementor-element elementor-element-699bd357 elementor-widget elementor-widget-text-editor\" data-id=\"699bd357\" data-element_type=\"widget\" data-e-type=\"widget\" data-widget_type=\"text-editor.default\">\n\t\t\t\t<div class=\"elementor-widget-container\">\n\t\t\t\t\t\t\t\t\t<p>No campo dos investimentos, refor\u00e7amos ainda mais nossa estrutura e governan\u00e7a, com atualiza\u00e7\u00e3o dos gestores de recursos, passando a contar com institui\u00e7\u00f5es de refer\u00eancia no mercado, contribuindo para o fortalecimento dos controles, aumento da efici\u00eancia operacional e o alinhamento cont\u00ednuo \u00e0s melhores pr\u00e1ticas do setor.<\/p>\t\t\t\t\t\t\t\t<\/div>\n\t\t\t\t<\/div>\n\t\t\t\t\t<\/div>\n\t\t<\/div>\n\t\t\t\t\t<\/div>\n\t\t<\/section>\n\t\t\t\t<section class=\"elementor-section elementor-top-section elementor-element elementor-element-255852a7 elementor-section-boxed elementor-section-height-default elementor-section-height-default\" data-id=\"255852a7\" data-element_type=\"section\" data-e-type=\"section\">\n\t\t\t\t\t\t<div class=\"elementor-container elementor-column-gap-default\">\n\t\t\t\t\t<div class=\"elementor-column elementor-col-100 elementor-top-column elementor-element elementor-element-691ffd3e\" data-id=\"691ffd3e\" data-element_type=\"column\" data-e-type=\"column\">\n\t\t\t<div class=\"elementor-widget-wrap elementor-element-populated\">\n\t\t\t\t\t\t<div class=\"elementor-element elementor-element-11a56a1c elementor-widget elementor-widget-text-editor\" data-id=\"11a56a1c\" data-element_type=\"widget\" data-e-type=\"widget\" data-widget_type=\"text-editor.default\">\n\t\t\t\t<div class=\"elementor-widget-container\">\n\t\t\t\t\t\t\t\t\t<p>Nossas atividades estiveram alinhadas para obter os melhores resultados diante do cen\u00e1rio econ\u00f4mico de 2025 que, de forma geral, refor\u00e7ou a import\u00e2ncia da diversifica\u00e7\u00e3o, da disciplina na aloca\u00e7\u00e3o de investimentos e da gest\u00e3o ativa de riscos em um ambiente econ\u00f4mico mais complexo e inst\u00e1vel. Para 2026, a expectativa \u00e9 de continuidade desse cen\u00e1rio desafiador, com aten\u00e7\u00e3o redobrada aos fatores fiscais, pol\u00edticos e geopol\u00edticos, mantendo como prioridade a preserva\u00e7\u00e3o e o crescimento sustent\u00e1vel do patrim\u00f4nio no longo prazo. Confira o conte\u00fado dispon\u00edvel em Investimentos, neste relat\u00f3rio, para acessar mais informa\u00e7\u00f5es sobre o cen\u00e1rio econ\u00f4mico de 2025, que impactaram os resultados na CargillPrev, e as expectativas para 2026, na Mensagem da Diretoria de Investimentos.<\/p>\t\t\t\t\t\t\t\t<\/div>\n\t\t\t\t<\/div>\n\t\t\t\t\t<\/div>\n\t\t<\/div>\n\t\t\t\t\t<\/div>\n\t\t<\/section>\n\t\t\t\t<section class=\"elementor-section elementor-top-section elementor-element elementor-element-392ee25d elementor-section-boxed elementor-section-height-default elementor-section-height-default\" data-id=\"392ee25d\" data-element_type=\"section\" data-e-type=\"section\">\n\t\t\t\t\t\t<div class=\"elementor-container elementor-column-gap-default\">\n\t\t\t\t\t<div class=\"elementor-column elementor-col-100 elementor-top-column elementor-element elementor-element-67aa4e03\" data-id=\"67aa4e03\" data-element_type=\"column\" data-e-type=\"column\">\n\t\t\t<div class=\"elementor-widget-wrap elementor-element-populated\">\n\t\t\t\t\t\t<div class=\"elementor-element elementor-element-22164fd0 elementor-widget elementor-widget-text-editor\" data-id=\"22164fd0\" data-element_type=\"widget\" data-e-type=\"widget\" data-widget_type=\"text-editor.default\">\n\t\t\t\t<div class=\"elementor-widget-container\">\n\t\t\t\t\t\t\t\t\t<p>Atentos as transforma\u00e7\u00f5es do cen\u00e1rio previdenci\u00e1rio, promovemos a divulga\u00e7\u00e3o da Lei n\u00ba 14.803\/2024, que passou a permitir aos Aposentados e Pensionistas optarem pelo regime de tributa\u00e7\u00e3o do Imposto de Renda mais adequado ao seu planejamento. Para apoiar escolhas conscientes e seguras, disponibilizamos simula\u00e7\u00f5es personalizadas e realizamos palestras informativas.<\/p>\t\t\t\t\t\t\t\t<\/div>\n\t\t\t\t<\/div>\n\t\t\t\t\t<\/div>\n\t\t<\/div>\n\t\t\t\t\t<\/div>\n\t\t<\/section>\n\t\t\t\t<section class=\"elementor-section elementor-top-section elementor-element elementor-element-1126b3bb elementor-section-boxed elementor-section-height-default elementor-section-height-default\" data-id=\"1126b3bb\" data-element_type=\"section\" data-e-type=\"section\">\n\t\t\t\t\t\t<div class=\"elementor-container elementor-column-gap-default\">\n\t\t\t\t\t<div class=\"elementor-column elementor-col-100 elementor-top-column elementor-element elementor-element-10c4ef8c\" data-id=\"10c4ef8c\" data-element_type=\"column\" data-e-type=\"column\">\n\t\t\t<div class=\"elementor-widget-wrap elementor-element-populated\">\n\t\t\t\t\t\t<div class=\"elementor-element elementor-element-60b44e5c elementor-widget elementor-widget-text-editor\" data-id=\"60b44e5c\" data-element_type=\"widget\" data-e-type=\"widget\" data-widget_type=\"text-editor.default\">\n\t\t\t\t<div class=\"elementor-widget-container\">\n\t\t\t\t\t\t\t\t\t<p>Os nossos n\u00fameros tamb\u00e9m refor\u00e7am o engajamento e confian\u00e7a dos Participantes. Alcan\u00e7amos um patrim\u00f4nio de aproximadamente R$ 2,289 bilh\u00f5es, um crescimento de 12,08% em rela\u00e7\u00e3o ao ano anterior, resultado obtido pelo aumento do volume de contribui\u00e7\u00f5es mensais, e aportes eventuais, ades\u00f5es e o retorno dos investimentos.<\/p>\t\t\t\t\t\t\t\t<\/div>\n\t\t\t\t<\/div>\n\t\t\t\t\t<\/div>\n\t\t<\/div>\n\t\t\t\t\t<\/div>\n\t\t<\/section>\n\t\t\t\t<section class=\"elementor-section elementor-top-section elementor-element elementor-element-3b99e4b0 elementor-section-boxed elementor-section-height-default elementor-section-height-default\" data-id=\"3b99e4b0\" data-element_type=\"section\" data-e-type=\"section\">\n\t\t\t\t\t\t<div class=\"elementor-container elementor-column-gap-default\">\n\t\t\t\t\t<div class=\"elementor-column elementor-col-100 elementor-top-column elementor-element elementor-element-39853233\" data-id=\"39853233\" data-element_type=\"column\" data-e-type=\"column\">\n\t\t\t<div class=\"elementor-widget-wrap elementor-element-populated\">\n\t\t\t\t\t\t<div class=\"elementor-element elementor-element-44c91514 elementor-widget elementor-widget-text-editor\" data-id=\"44c91514\" data-element_type=\"widget\" data-e-type=\"widget\" data-widget_type=\"text-editor.default\">\n\t\t\t\t<div class=\"elementor-widget-container\">\n\t\t\t\t\t\t\t\t\t<p>Para incentivar a reflex\u00e3o sobre a import\u00e2ncia do planejamento financeiro, realizamos ao longo do ano diversas campanhas e a\u00e7\u00f5es voltadas \u00e0 educa\u00e7\u00e3o financeira e previdenci\u00e1ria. Paralelamente, aprimoramos o portal da CargillPrev, proporcionando uma experi\u00eancia mais simples, segura e intuitiva, com acesso facilitado \u00e0s principais informa\u00e7\u00f5es e aos servi\u00e7os essenciais do plano.<\/p>\t\t\t\t\t\t\t\t<\/div>\n\t\t\t\t<\/div>\n\t\t\t\t\t<\/div>\n\t\t<\/div>\n\t\t\t\t\t<\/div>\n\t\t<\/section>\n\t\t\t\t<section class=\"elementor-section elementor-top-section elementor-element elementor-element-3eb4d3a6 elementor-section-boxed elementor-section-height-default elementor-section-height-default\" data-id=\"3eb4d3a6\" data-element_type=\"section\" data-e-type=\"section\">\n\t\t\t\t\t\t<div class=\"elementor-container elementor-column-gap-default\">\n\t\t\t\t\t<div class=\"elementor-column elementor-col-100 elementor-top-column elementor-element elementor-element-7fde2ab0\" data-id=\"7fde2ab0\" data-element_type=\"column\" data-e-type=\"column\">\n\t\t\t<div class=\"elementor-widget-wrap elementor-element-populated\">\n\t\t\t\t\t\t<div class=\"elementor-element elementor-element-19bb56b6 elementor-widget elementor-widget-text-editor\" data-id=\"19bb56b6\" data-element_type=\"widget\" data-e-type=\"widget\" data-widget_type=\"text-editor.default\">\n\t\t\t\t<div class=\"elementor-widget-container\">\n\t\t\t\t\t\t\t\t\t<p>Olhando para 2026, continuaremos investindo em inova\u00e7\u00e3o e moderniza\u00e7\u00e3o, com a implementa\u00e7\u00e3o de novas ferramentas para o atendimento, recursos de Intelig\u00eancia Artificial e mais acessibilidade aos nossos participantes e assistidos com o aplicativo CargillPrev, tornando a experi\u00eancia ainda mais \u00e1gil, personalizada e assertiva com a Entidade. Todas essas iniciativas refor\u00e7am nosso compromisso de crescimento sustent\u00e1vel, governan\u00e7a s\u00f3lida e excel\u00eancia em atendimento.<\/p>\t\t\t\t\t\t\t\t<\/div>\n\t\t\t\t<\/div>\n\t\t\t\t\t<\/div>\n\t\t<\/div>\n\t\t\t\t\t<\/div>\n\t\t<\/section>\n\t\t\t\t<section class=\"elementor-section elementor-top-section elementor-element elementor-element-18d64757 elementor-section-boxed elementor-section-height-default elementor-section-height-default\" data-id=\"18d64757\" data-element_type=\"section\" data-e-type=\"section\">\n\t\t\t\t\t\t<div class=\"elementor-container elementor-column-gap-default\">\n\t\t\t\t\t<div class=\"elementor-column elementor-col-100 elementor-top-column elementor-element elementor-element-3b59d40a\" data-id=\"3b59d40a\" data-element_type=\"column\" data-e-type=\"column\">\n\t\t\t<div class=\"elementor-widget-wrap elementor-element-populated\">\n\t\t\t\t\t\t<div class=\"elementor-element elementor-element-4408b951 elementor-widget elementor-widget-text-editor\" data-id=\"4408b951\" data-element_type=\"widget\" data-e-type=\"widget\" data-widget_type=\"text-editor.default\">\n\t\t\t\t<div class=\"elementor-widget-container\">\n\t\t\t\t\t\t\t\t\t<p>Com transpar\u00eancia, dedica\u00e7\u00e3o e foco no cuidado com cada participante, seguimos construindo um caminho seguro, s\u00f3lido e inovador, consolidando a CargillPrev como parceira confi\u00e1vel na realiza\u00e7\u00e3o de seus objetivos financeiros.<\/p>\t\t\t\t\t\t\t\t<\/div>\n\t\t\t\t<\/div>\n\t\t\t\t\t<\/div>\n\t\t<\/div>\n\t\t\t\t\t<\/div>\n\t\t<\/section>\n\t\t\t\t<section class=\"elementor-section elementor-top-section elementor-element elementor-element-4eadad6c elementor-section-boxed elementor-section-height-default elementor-section-height-default\" data-id=\"4eadad6c\" data-element_type=\"section\" data-e-type=\"section\">\n\t\t\t\t\t\t<div class=\"elementor-container elementor-column-gap-default\">\n\t\t\t\t\t<div class=\"elementor-column elementor-col-100 elementor-top-column elementor-element elementor-element-4516e56f\" data-id=\"4516e56f\" data-element_type=\"column\" data-e-type=\"column\">\n\t\t\t<div class=\"elementor-widget-wrap elementor-element-populated\">\n\t\t\t\t\t\t<div class=\"elementor-element elementor-element-88aa8a7 elementor-widget elementor-widget-text-editor\" data-id=\"88aa8a7\" data-element_type=\"widget\" data-e-type=\"widget\" data-widget_type=\"text-editor.default\">\n\t\t\t\t<div class=\"elementor-widget-container\">\n\t\t\t\t\t\t\t\t\t<p>Afinal, no centro de tudo o que fazemos, existe um prop\u00f3sito que nos conecta: cuidar do seu futuro com responsabilidade.<\/p>\t\t\t\t\t\t\t\t<\/div>\n\t\t\t\t<\/div>\n\t\t\t\t\t<\/div>\n\t\t<\/div>\n\t\t\t\t\t<\/div>\n\t\t<\/section>\n\t\t\t\t<section class=\"elementor-section elementor-top-section elementor-element elementor-element-a943a0a elementor-section-boxed elementor-section-height-default elementor-section-height-default\" data-id=\"a943a0a\" data-element_type=\"section\" data-e-type=\"section\">\n\t\t\t\t\t\t<div class=\"elementor-container elementor-column-gap-default\">\n\t\t\t\t\t<div class=\"elementor-column elementor-col-100 elementor-top-column elementor-element elementor-element-22547db\" data-id=\"22547db\" data-element_type=\"column\" data-e-type=\"column\">\n\t\t\t<div class=\"elementor-widget-wrap elementor-element-populated\">\n\t\t\t\t\t\t<div class=\"elementor-element elementor-element-907247d elementor-widget elementor-widget-text-editor\" data-id=\"907247d\" data-element_type=\"widget\" data-e-type=\"widget\" data-widget_type=\"text-editor.default\">\n\t\t\t\t<div class=\"elementor-widget-container\">\n\t\t\t\t\t\t\t\t\t<p><strong>Boa leitura!<\/strong><\/p>\t\t\t\t\t\t\t\t<\/div>\n\t\t\t\t<\/div>\n\t\t\t\t\t<\/div>\n\t\t<\/div>\n\t\t\t\t\t<\/div>\n\t\t<\/section>\n\t\t\t\t<section class=\"elementor-section elementor-top-section elementor-element elementor-element-68680b78 elementor-section-boxed elementor-section-height-default elementor-section-height-default\" data-id=\"68680b78\" data-element_type=\"section\" data-e-type=\"section\">\n\t\t\t\t\t\t<div class=\"elementor-container elementor-column-gap-default\">\n\t\t\t\t\t<div class=\"elementor-column elementor-col-100 elementor-top-column elementor-element elementor-element-651f5404\" data-id=\"651f5404\" data-element_type=\"column\" data-e-type=\"column\">\n\t\t\t<div class=\"elementor-widget-wrap elementor-element-populated\">\n\t\t\t\t\t\t<div class=\"elementor-element elementor-element-48fc9bc elementor-widget elementor-widget-image\" data-id=\"48fc9bc\" data-element_type=\"widget\" data-e-type=\"widget\" data-widget_type=\"image.default\">\n\t\t\t\t<div class=\"elementor-widget-container\">\n\t\t\t\t\t\t\t\t\t\t\t\t\t\t\t<img fetchpriority=\"high\" decoding=\"async\" width=\"1024\" height=\"884\" src=\"https:\/\/cargillprev.com.br\/relatorio-anual-2025\/wp-content\/uploads\/2026\/04\/Sergio-Mattedi-1024x884.jpg\" class=\"attachment-large size-large wp-image-3250\" alt=\"\" srcset=\"https:\/\/cargillprev.com.br\/relatorio-anual-2025\/wp-content\/uploads\/2026\/04\/Sergio-Mattedi-1024x884.jpg 1024w, https:\/\/cargillprev.com.br\/relatorio-anual-2025\/wp-content\/uploads\/2026\/04\/Sergio-Mattedi-300x259.jpg 300w, https:\/\/cargillprev.com.br\/relatorio-anual-2025\/wp-content\/uploads\/2026\/04\/Sergio-Mattedi-768x663.jpg 768w, https:\/\/cargillprev.com.br\/relatorio-anual-2025\/wp-content\/uploads\/2026\/04\/Sergio-Mattedi-1536x1326.jpg 1536w, https:\/\/cargillprev.com.br\/relatorio-anual-2025\/wp-content\/uploads\/2026\/04\/Sergio-Mattedi.jpg 1762w\" sizes=\"(max-width: 1024px) 100vw, 1024px\" \/>\t\t\t\t\t\t\t\t\t\t\t\t\t\t\t<\/div>\n\t\t\t\t<\/div>\n\t\t\t\t<div class=\"elementor-element elementor-element-e63ca37 elementor-widget elementor-widget-text-editor\" data-id=\"e63ca37\" data-element_type=\"widget\" data-e-type=\"widget\" data-widget_type=\"text-editor.default\">\n\t\t\t\t<div class=\"elementor-widget-container\">\n\t\t\t\t\t\t\t\t\t<p><strong>Sergio Mattedi &#8211; <\/strong>Diretor Superintendente e ARGR<\/p>\t\t\t\t\t\t\t\t<\/div>\n\t\t\t\t<\/div>\n\t\t\t\t\t<\/div>\n\t\t<\/div>\n\t\t\t\t\t<\/div>\n\t\t<\/section>\n\t\t\t\t<\/div>\n\t\t","protected":false},"excerpt":{"rendered":"<p>Compromisso que impulsiona o futuro. Ao longo do ano, seguimos consistentes em nossa miss\u00e3o de cuidar do futuro previdenci\u00e1rio de cada Participante e Assistido, oferecendo solu\u00e7\u00f5es s\u00f3lidas, transparentes e alinhadas \u00e0s diferentes necessidades de quem confia na CargillPrev. Esse compromisso se reflete nas diversas iniciativas implementadas, sempre com foco na seguran\u00e7a, na clareza das informa\u00e7\u00f5es [&hellip;]<\/p>\n","protected":false},"author":1,"featured_media":2964,"parent":2316,"menu_order":16,"comment_status":"closed","ping_status":"closed","template":"","meta":{"footnotes":""},"class_list":["post-2395","page","type-page","status-publish","has-post-thumbnail","hentry"],"acf":[],"_links":{"self":[{"href":"https:\/\/cargillprev.com.br\/relatorio-anual-2025\/wp-json\/wp\/v2\/pages\/2395","targetHints":{"allow":["GET"]}}],"collection":[{"href":"https:\/\/cargillprev.com.br\/relatorio-anual-2025\/wp-json\/wp\/v2\/pages"}],"about":[{"href":"https:\/\/cargillprev.com.br\/relatorio-anual-2025\/wp-json\/wp\/v2\/types\/page"}],"author":[{"embeddable":true,"href":"https:\/\/cargillprev.com.br\/relatorio-anual-2025\/wp-json\/wp\/v2\/users\/1"}],"replies":[{"embeddable":true,"href":"https:\/\/cargillprev.com.br\/relatorio-anual-2025\/wp-json\/wp\/v2\/comments?post=2395"}],"version-history":[{"count":32,"href":"https:\/\/cargillprev.com.br\/relatorio-anual-2025\/wp-json\/wp\/v2\/pages\/2395\/revisions"}],"predecessor-version":[{"id":3253,"href":"https:\/\/cargillprev.com.br\/relatorio-anual-2025\/wp-json\/wp\/v2\/pages\/2395\/revisions\/3253"}],"up":[{"embeddable":true,"href":"https:\/\/cargillprev.com.br\/relatorio-anual-2025\/wp-json\/wp\/v2\/pages\/2316"}],"wp:featuredmedia":[{"embeddable":true,"href":"https:\/\/cargillprev.com.br\/relatorio-anual-2025\/wp-json\/wp\/v2\/media\/2964"}],"wp:attachment":[{"href":"https:\/\/cargillprev.com.br\/relatorio-anual-2025\/wp-json\/wp\/v2\/media?parent=2395"}],"curies":[{"name":"wp","href":"https:\/\/api.w.org\/{rel}","templated":true}]}}