{"id":2401,"date":"2025-03-31T17:50:40","date_gmt":"2025-03-31T20:50:40","guid":{"rendered":"https:\/\/crtpropaganda.com.br\/raicargillprev\/?page_id=2401"},"modified":"2026-04-23T11:35:46","modified_gmt":"2026-04-23T14:35:46","slug":"destaques-do-ano","status":"publish","type":"page","link":"https:\/\/cargillprev.com.br\/relatorio-anual-2025\/acoes-realizadas\/destaques-do-ano\/","title":{"rendered":"Destaques do ano"},"content":{"rendered":"\t\t<div data-elementor-type=\"wp-page\" data-elementor-id=\"2401\" class=\"elementor elementor-2401\">\n\t\t\t\t\t\t<section class=\"elementor-section elementor-top-section elementor-element elementor-element-4ce84325 elementor-section-boxed elementor-section-height-default elementor-section-height-default\" data-id=\"4ce84325\" data-element_type=\"section\" data-e-type=\"section\">\n\t\t\t\t\t\t<div class=\"elementor-container elementor-column-gap-default\">\n\t\t\t\t\t<div class=\"elementor-column elementor-col-100 elementor-top-column elementor-element elementor-element-3eccce9a\" data-id=\"3eccce9a\" data-element_type=\"column\" data-e-type=\"column\">\n\t\t\t<div class=\"elementor-widget-wrap elementor-element-populated\">\n\t\t\t\t\t\t<div class=\"elementor-element elementor-element-2be3091f box-destaque-materia elementor-widget elementor-widget-text-editor\" data-id=\"2be3091f\" data-element_type=\"widget\" data-e-type=\"widget\" data-widget_type=\"text-editor.default\">\n\t\t\t\t<div class=\"elementor-widget-container\">\n\t\t\t\t\t\t\t\t\t<p><strong><span class=\"fontstyle0\">Elei\u00e7\u00f5es 2025<\/span> <br \/><\/strong><\/p>\t\t\t\t\t\t\t\t<\/div>\n\t\t\t\t<\/div>\n\t\t\t\t\t<\/div>\n\t\t<\/div>\n\t\t\t\t\t<\/div>\n\t\t<\/section>\n\t\t\t\t<section class=\"elementor-section elementor-top-section elementor-element elementor-element-5e000c1e elementor-section-boxed elementor-section-height-default elementor-section-height-default\" data-id=\"5e000c1e\" data-element_type=\"section\" data-e-type=\"section\">\n\t\t\t\t\t\t<div class=\"elementor-container elementor-column-gap-default\">\n\t\t\t\t\t<div class=\"elementor-column elementor-col-100 elementor-top-column elementor-element elementor-element-264442f8\" data-id=\"264442f8\" data-element_type=\"column\" data-e-type=\"column\">\n\t\t\t<div class=\"elementor-widget-wrap elementor-element-populated\">\n\t\t\t\t\t\t<div class=\"elementor-element elementor-element-27b2fbb5 elementor-widget elementor-widget-text-editor\" data-id=\"27b2fbb5\" data-element_type=\"widget\" data-e-type=\"widget\" data-widget_type=\"text-editor.default\">\n\t\t\t\t<div class=\"elementor-widget-container\">\n\t\t\t\t\t\t\t\t\t<p><span class=\"fontstyle0\">Entre janeiro e mar\u00e7o, foram realizadas as elei\u00e7\u00f5es para a renova\u00e7\u00e3o dos Conselhos Deliberativo (CD) e Fiscal (CF) da CargillPrev. Nesta edi\u00e7\u00e3o, estavam em disputa duas vagas para o Conselho Deliberativo e uma para o Conselho Fiscal, com a inscri\u00e7\u00e3o de nove candidatos \u2014 sete para o Conselho Deliberativo e dois para o Conselho Fiscal. Ao todo, 990 Participantes exerceram seu direito ao voto, com direito a dois votos para o Conselho Deliberativo e um para o Conselho Fiscal.<\/span><\/p>\t\t\t\t\t\t\t\t<\/div>\n\t\t\t\t<\/div>\n\t\t\t\t\t<\/div>\n\t\t<\/div>\n\t\t\t\t\t<\/div>\n\t\t<\/section>\n\t\t\t\t<section class=\"elementor-section elementor-top-section elementor-element elementor-element-d76e212 elementor-section-boxed elementor-section-height-default elementor-section-height-default\" data-id=\"d76e212\" data-element_type=\"section\" data-e-type=\"section\">\n\t\t\t\t\t\t<div class=\"elementor-container elementor-column-gap-default\">\n\t\t\t\t\t<div class=\"elementor-column elementor-col-100 elementor-top-column elementor-element elementor-element-7758841\" data-id=\"7758841\" data-element_type=\"column\" data-e-type=\"column\">\n\t\t\t<div class=\"elementor-widget-wrap elementor-element-populated\">\n\t\t\t\t\t\t<div class=\"elementor-element elementor-element-c6abfb9 elementor-widget elementor-widget-text-editor\" data-id=\"c6abfb9\" data-element_type=\"widget\" data-e-type=\"widget\" data-widget_type=\"text-editor.default\">\n\t\t\t\t<div class=\"elementor-widget-container\">\n\t\t\t\t\t\t\t\t\t<p><strong><span class=\"fontstyle0\">Foram eleitos:<\/span><\/strong><\/p>\t\t\t\t\t\t\t\t<\/div>\n\t\t\t\t<\/div>\n\t\t\t\t\t<\/div>\n\t\t<\/div>\n\t\t\t\t\t<\/div>\n\t\t<\/section>\n\t\t\t\t<section class=\"elementor-section elementor-top-section elementor-element elementor-element-df176f2 elementor-section-boxed elementor-section-height-default elementor-section-height-default\" data-id=\"df176f2\" data-element_type=\"section\" data-e-type=\"section\">\n\t\t\t\t\t\t<div class=\"elementor-container elementor-column-gap-default\">\n\t\t\t\t\t<div class=\"elementor-column elementor-col-100 elementor-top-column elementor-element elementor-element-cc5603d\" data-id=\"cc5603d\" data-element_type=\"column\" data-e-type=\"column\">\n\t\t\t<div class=\"elementor-widget-wrap elementor-element-populated\">\n\t\t\t\t\t\t<section class=\"elementor-section elementor-inner-section elementor-element elementor-element-1a9b0d6 elementor-section-boxed elementor-section-height-default elementor-section-height-default\" data-id=\"1a9b0d6\" data-element_type=\"section\" data-e-type=\"section\">\n\t\t\t\t\t\t<div class=\"elementor-container elementor-column-gap-default\">\n\t\t\t\t\t<div class=\"elementor-column elementor-col-100 elementor-inner-column elementor-element elementor-element-e8d7a15\" data-id=\"e8d7a15\" data-element_type=\"column\" data-e-type=\"column\">\n\t\t\t<div class=\"elementor-widget-wrap elementor-element-populated\">\n\t\t\t\t\t\t<div class=\"elementor-element elementor-element-4d06f30 eael-dt-th-align-center eael-table-align-center elementor-widget elementor-widget-eael-data-table\" data-id=\"4d06f30\" data-element_type=\"widget\" data-e-type=\"widget\" data-widget_type=\"eael-data-table.default\">\n\t\t\t\t<div class=\"elementor-widget-container\">\n\t\t\t\t\t\t\t<div class=\"eael-data-table-wrap\" data-table_id=\"4d06f30\" id=\"eael-data-table-wrapper-4d06f30\" data-custom_responsive=\"false\">\n\t\t\t<table class=\"tablesorter eael-data-table center\" id=\"eael-data-table-4d06f30\">\n\t\t\t    <thead>\n\t\t\t        <tr class=\"table-header\">\n\t\t\t\t\t\t\t\t\t            <th class=\"bold text-center\" id=\"\" colspan=\"1\">\n\t\t\t\t\t\t\t\t\t\t\t\t\t\t<span class=\"data-table-header-text\">Conselho Deliberativo<\/span><\/th>\n\t\t\t        \t\t\t\t            <th class=\"bold text-center\" id=\"\" colspan=\"\">\n\t\t\t\t\t\t\t\t\t\t\t\t\t\t<span class=\"data-table-header-text\">Conselho Fiscal<\/span><\/th>\n\t\t\t        \t\t\t\t        <\/tr>\n\t\t\t    <\/thead>\n\t\t\t  \t<tbody>\n\t\t\t\t\t\t\t\t\t\t\t<tr>\n\t\t\t\t\t\t\t\t\t\t\t\t\t\t\t\t   \t\t\t\t\t\t\t\t\t\t\t<td colspan=\"\" rowspan=\"\" class=\"\" id=\"\">\n\t\t\t\t\t\t\t\t\t\t\t\t<div class=\"td-content-wrapper\"><div class=\"td-content\">\n\t\t\t\t\t\t\t\t\t\t\t\t\tAndrea Anjos \u2013 Participante Ativa\n\t\t\t\t\t\t\t\t\t\t\t\t<\/div><\/div>\n\t\t\t\t\t\t\t\t\t\t\t<\/td>\n\t\t\t\t\t\t\t\t\t\t\t\t\t\t\t\t\t\t\t\t\t\t\t\t\t\t\t\t\t   \t\t\t\t\t\t\t\t\t\t\t<td colspan=\"\" rowspan=\"\" class=\"\" id=\"\">\n\t\t\t\t\t\t\t\t\t\t\t\t<div class=\"td-content-wrapper\"><div class=\"td-content\">\n\t\t\t\t\t\t\t\t\t\t\t\t\tRicardo Batistela \u2013 Participante Assistido\t\t\t\t\t\t\t\t\t\t\t\t<\/div><\/div>\n\t\t\t\t\t\t\t\t\t\t\t<\/td>\n\t\t\t\t\t\t\t\t\t\t\t\t\t\t\t\t\t\t\t\t\t\t\t\t\t\t<\/tr>\n\t\t\t        \t\t\t\t\t\t<tr>\n\t\t\t\t\t\t\t\t\t\t\t\t\t\t\t\t   \t\t\t\t\t\t\t\t\t\t\t<td colspan=\"\" rowspan=\"\" class=\"text-center\" id=\"\">\n\t\t\t\t\t\t\t\t\t\t\t\t<div class=\"td-content-wrapper\"><div class=\"td-content\">\n\t\t\t\t\t\t\t\t\t\t\t\t\tAlberto Dana \u2013 Participante Assistido\t\t\t\t\t\t\t\t\t\t\t\t<\/div><\/div>\n\t\t\t\t\t\t\t\t\t\t\t<\/td>\n\t\t\t\t\t\t\t\t\t\t\t\t\t\t\t\t\t\t\t\t\t\t\t\t\t\t\t\t\t   \t\t\t\t\t\t\t\t\t\t\t<td colspan=\"\" rowspan=\"\" class=\"bold\" id=\"\">\n\t\t\t\t\t\t\t\t\t\t\t\t<div class=\"td-content-wrapper\"><div class=\"td-content\">\n\t\t\t\t\t\t\t\t\t\t\t\t\t\t\t\t\t\t\t\t\t\t\t\t\t<\/div><\/div>\n\t\t\t\t\t\t\t\t\t\t\t<\/td>\n\t\t\t\t\t\t\t\t\t\t\t\t\t\t\t\t\t\t\t\t\t\t\t\t\t\t<\/tr>\n\t\t\t        \t\t\t    <\/tbody>\n\t\t\t<\/table>\n\t\t<\/div>\n\t  \t\t\t\t\t<\/div>\n\t\t\t\t<\/div>\n\t\t\t\t\t<\/div>\n\t\t<\/div>\n\t\t\t\t\t<\/div>\n\t\t<\/section>\n\t\t\t\t\t<\/div>\n\t\t<\/div>\n\t\t\t\t\t<\/div>\n\t\t<\/section>\n\t\t\t\t<section class=\"elementor-section elementor-top-section elementor-element elementor-element-e8b6c38 elementor-section-boxed elementor-section-height-default elementor-section-height-default\" data-id=\"e8b6c38\" data-element_type=\"section\" data-e-type=\"section\">\n\t\t\t\t\t\t<div class=\"elementor-container elementor-column-gap-default\">\n\t\t\t\t\t<div class=\"elementor-column elementor-col-100 elementor-top-column elementor-element elementor-element-b110871\" data-id=\"b110871\" data-element_type=\"column\" data-e-type=\"column\">\n\t\t\t<div class=\"elementor-widget-wrap elementor-element-populated\">\n\t\t\t\t\t\t<div class=\"elementor-element elementor-element-0f2dcda box-destaque-materia elementor-widget elementor-widget-text-editor\" data-id=\"0f2dcda\" data-element_type=\"widget\" data-e-type=\"widget\" data-widget_type=\"text-editor.default\">\n\t\t\t\t<div class=\"elementor-widget-container\">\n\t\t\t\t\t\t\t\t\t<p><strong><span class=\"fontstyle0\">Nova Composi\u00e7\u00e3o Conselhos e Diretoria<\/span><br \/><\/strong><\/p>\t\t\t\t\t\t\t\t<\/div>\n\t\t\t\t<\/div>\n\t\t\t\t\t<\/div>\n\t\t<\/div>\n\t\t\t\t\t<\/div>\n\t\t<\/section>\n\t\t\t\t<section class=\"elementor-section elementor-top-section elementor-element elementor-element-316781de elementor-section-boxed elementor-section-height-default elementor-section-height-default\" data-id=\"316781de\" data-element_type=\"section\" data-e-type=\"section\">\n\t\t\t\t\t\t<div class=\"elementor-container elementor-column-gap-default\">\n\t\t\t\t\t<div class=\"elementor-column elementor-col-100 elementor-top-column elementor-element elementor-element-3e2c2512\" data-id=\"3e2c2512\" data-element_type=\"column\" data-e-type=\"column\">\n\t\t\t<div class=\"elementor-widget-wrap elementor-element-populated\">\n\t\t\t\t\t\t<div class=\"elementor-element elementor-element-2b8062fd elementor-widget elementor-widget-text-editor\" data-id=\"2b8062fd\" data-element_type=\"widget\" data-e-type=\"widget\" data-widget_type=\"text-editor.default\">\n\t\t\t\t<div class=\"elementor-widget-container\">\n\t\t\t\t\t\t\t\t\t<p><span class=\"fontstyle0\">No m\u00eas de abril, uma nova equipe assumiu a Gest\u00e3o da CargillPrev, aliando conhecimento e vis\u00e3o estrat\u00e9gica para conduzir a entidade com responsabilidade, solidez e foco na perenidade dos planos dos Participantes e Assistidos.<\/span><\/p>\t\t\t\t\t\t\t\t<\/div>\n\t\t\t\t<\/div>\n\t\t\t\t<div class=\"elementor-element elementor-element-3079843 elementor-widget elementor-widget-text-editor\" data-id=\"3079843\" data-element_type=\"widget\" data-e-type=\"widget\" data-widget_type=\"text-editor.default\">\n\t\t\t\t<div class=\"elementor-widget-container\">\n\t\t\t\t\t\t\t\t\t<p><span class=\"fontstyle0\">Para conhecer os novos membros dos Conselhos e da Diretoria no mandato 2025\u20132028, acesse o menu Institucional e Governan\u00e7a &gt; Composi\u00e7\u00e3o CargillPrev.<\/span><\/p>\t\t\t\t\t\t\t\t<\/div>\n\t\t\t\t<\/div>\n\t\t\t\t\t<\/div>\n\t\t<\/div>\n\t\t\t\t\t<\/div>\n\t\t<\/section>\n\t\t\t\t<section class=\"elementor-section elementor-top-section elementor-element elementor-element-34081449 elementor-section-boxed elementor-section-height-default elementor-section-height-default\" data-id=\"34081449\" data-element_type=\"section\" data-e-type=\"section\">\n\t\t\t\t\t\t<div class=\"elementor-container elementor-column-gap-default\">\n\t\t\t\t\t<div class=\"elementor-column elementor-col-100 elementor-top-column elementor-element elementor-element-519fdd2b\" data-id=\"519fdd2b\" data-element_type=\"column\" data-e-type=\"column\">\n\t\t\t<div class=\"elementor-widget-wrap elementor-element-populated\">\n\t\t\t\t\t\t<div class=\"elementor-element elementor-element-1eb11d6d box-destaque-materia elementor-widget elementor-widget-text-editor\" data-id=\"1eb11d6d\" data-element_type=\"widget\" data-e-type=\"widget\" data-widget_type=\"text-editor.default\">\n\t\t\t\t<div class=\"elementor-widget-container\">\n\t\t\t\t\t\t\t\t\t<p><strong><span class=\"fontstyle0\">Mudan\u00e7a do Regime Tribut\u00e1rio para Aposentados<\/span><br \/><\/strong><\/p>\t\t\t\t\t\t\t\t<\/div>\n\t\t\t\t<\/div>\n\t\t\t\t\t<\/div>\n\t\t<\/div>\n\t\t\t\t\t<\/div>\n\t\t<\/section>\n\t\t\t\t<section class=\"elementor-section elementor-top-section elementor-element elementor-element-52ae1ffc elementor-section-boxed elementor-section-height-default elementor-section-height-default\" data-id=\"52ae1ffc\" data-element_type=\"section\" data-e-type=\"section\">\n\t\t\t\t\t\t<div class=\"elementor-container elementor-column-gap-default\">\n\t\t\t\t\t<div class=\"elementor-column elementor-col-100 elementor-top-column elementor-element elementor-element-7cf187fe\" data-id=\"7cf187fe\" data-element_type=\"column\" data-e-type=\"column\">\n\t\t\t<div class=\"elementor-widget-wrap elementor-element-populated\">\n\t\t\t\t\t\t<div class=\"elementor-element elementor-element-5ce49d43 elementor-widget elementor-widget-text-editor\" data-id=\"5ce49d43\" data-element_type=\"widget\" data-e-type=\"widget\" data-widget_type=\"text-editor.default\">\n\t\t\t\t<div class=\"elementor-widget-container\">\n\t\t\t\t\t\t\t\t\t<p><span class=\"fontstyle0\">Ainda no m\u00eas de abril, divulgamos aos Participantes Aposentados a nova legisla\u00e7\u00e3o que permite a altera\u00e7\u00e3o do regime de Imposto de Renda para quem j\u00e1 recebe benef\u00edcio pela CargillPrev.<\/span><\/p>\t\t\t\t\t\t\t\t<\/div>\n\t\t\t\t<\/div>\n\t\t\t\t\t<\/div>\n\t\t<\/div>\n\t\t\t\t\t<\/div>\n\t\t<\/section>\n\t\t\t\t<section class=\"elementor-section elementor-top-section elementor-element elementor-element-b486ef9 elementor-section-boxed elementor-section-height-default elementor-section-height-default\" data-id=\"b486ef9\" data-element_type=\"section\" data-e-type=\"section\">\n\t\t\t\t\t\t<div class=\"elementor-container elementor-column-gap-default\">\n\t\t\t\t\t<div class=\"elementor-column elementor-col-100 elementor-top-column elementor-element elementor-element-9047738\" data-id=\"9047738\" data-element_type=\"column\" data-e-type=\"column\">\n\t\t\t<div class=\"elementor-widget-wrap elementor-element-populated\">\n\t\t\t\t\t\t<div class=\"elementor-element elementor-element-d6afa60 elementor-widget elementor-widget-text-editor\" data-id=\"d6afa60\" data-element_type=\"widget\" data-e-type=\"widget\" data-widget_type=\"text-editor.default\">\n\t\t\t\t<div class=\"elementor-widget-container\">\n\t\t\t\t\t\t\t\t\t<p><span class=\"fontstyle0\">A <\/span><strong><span class=\"fontstyle2\">Lei n\u00ba 14.803\/2024 <\/span><\/strong><span class=\"fontstyle0\">trouxe uma importante atualiza\u00e7\u00e3o tribut\u00e1ria para participantes de planos de previd\u00eancia complementar, ao permitir a escolha do regime de tributa\u00e7\u00e3o no momento da utiliza\u00e7\u00e3o dos recursos. Essa interpreta\u00e7\u00e3o foi confirmada para Aposentados e Pensionistas pela <\/span><span class=\"fontstyle2\"><strong>Solu\u00e7\u00e3o de Consulta COSIT n\u00ba 68<\/strong>, <\/span><span class=\"fontstyle0\">de 28 de mar\u00e7o de 2025, da Receita Federal.<\/span><\/p>\t\t\t\t\t\t\t\t<\/div>\n\t\t\t\t<\/div>\n\t\t\t\t\t<\/div>\n\t\t<\/div>\n\t\t\t\t\t<\/div>\n\t\t<\/section>\n\t\t\t\t<section class=\"elementor-section elementor-top-section elementor-element elementor-element-d67097a elementor-section-boxed elementor-section-height-default elementor-section-height-default\" data-id=\"d67097a\" data-element_type=\"section\" data-e-type=\"section\">\n\t\t\t\t\t\t<div class=\"elementor-container elementor-column-gap-default\">\n\t\t\t\t\t<div class=\"elementor-column elementor-col-100 elementor-top-column elementor-element elementor-element-49e827d\" data-id=\"49e827d\" data-element_type=\"column\" data-e-type=\"column\">\n\t\t\t<div class=\"elementor-widget-wrap elementor-element-populated\">\n\t\t\t\t\t\t<div class=\"elementor-element elementor-element-849cdae elementor-widget elementor-widget-text-editor\" data-id=\"849cdae\" data-element_type=\"widget\" data-e-type=\"widget\" data-widget_type=\"text-editor.default\">\n\t\t\t\t<div class=\"elementor-widget-container\">\n\t\t\t\t\t\t\t\t\t<p><span class=\"fontstyle0\">Com isso, aposentados e pensionistas passaram a poder optar pelo regime regressivo de Imposto de Renda, alternativa que pode proporcionar maior efici\u00eancia fiscal no longo prazo. A possibilidade tamb\u00e9m foi estendida \u00e0queles que j\u00e1 recebiam benef\u00edcios antes da publica\u00e7\u00e3o da lei, em 11 de janeiro de 2024, garantindo condi\u00e7\u00f5es equivalentes a quem ainda n\u00e3o iniciou a utiliza\u00e7\u00e3o do patrim\u00f4nio acumulado. A mudan\u00e7a se aplica apenas aos valores futuros, a partir do m\u00eas seguinte \u00e0 formaliza\u00e7\u00e3o da op\u00e7\u00e3o, mantendo inalterada a tributa\u00e7\u00e3o dos valores j\u00e1 recebidos.<\/span><\/p>\t\t\t\t\t\t\t\t<\/div>\n\t\t\t\t<\/div>\n\t\t\t\t\t<\/div>\n\t\t<\/div>\n\t\t\t\t\t<\/div>\n\t\t<\/section>\n\t\t\t\t<section class=\"elementor-section elementor-top-section elementor-element elementor-element-2c010c50 elementor-section-boxed elementor-section-height-default elementor-section-height-default\" data-id=\"2c010c50\" data-element_type=\"section\" data-e-type=\"section\">\n\t\t\t\t\t\t<div class=\"elementor-container elementor-column-gap-default\">\n\t\t\t\t\t<div class=\"elementor-column elementor-col-100 elementor-top-column elementor-element elementor-element-7e1fecbe\" data-id=\"7e1fecbe\" data-element_type=\"column\" data-e-type=\"column\">\n\t\t\t<div class=\"elementor-widget-wrap elementor-element-populated\">\n\t\t\t\t\t\t<div class=\"elementor-element elementor-element-5ff27ea6 box-destaque-materia elementor-widget elementor-widget-text-editor\" data-id=\"5ff27ea6\" data-element_type=\"widget\" data-e-type=\"widget\" data-widget_type=\"text-editor.default\">\n\t\t\t\t<div class=\"elementor-widget-container\">\n\t\t\t\t\t\t\t\t\t<p><strong><span class=\"fontstyle0\">Campanha Perfis de Investimento<\/span><br \/><\/strong><\/p>\t\t\t\t\t\t\t\t<\/div>\n\t\t\t\t<\/div>\n\t\t\t\t\t<\/div>\n\t\t<\/div>\n\t\t\t\t\t<\/div>\n\t\t<\/section>\n\t\t\t\t<section class=\"elementor-section elementor-top-section elementor-element elementor-element-259e3084 elementor-section-boxed elementor-section-height-default elementor-section-height-default\" data-id=\"259e3084\" data-element_type=\"section\" data-e-type=\"section\">\n\t\t\t\t\t\t<div class=\"elementor-container elementor-column-gap-default\">\n\t\t\t\t\t<div class=\"elementor-column elementor-col-100 elementor-top-column elementor-element elementor-element-2b916f63\" data-id=\"2b916f63\" data-element_type=\"column\" data-e-type=\"column\">\n\t\t\t<div class=\"elementor-widget-wrap elementor-element-populated\">\n\t\t\t\t\t\t<div class=\"elementor-element elementor-element-4c802650 elementor-widget elementor-widget-text-editor\" data-id=\"4c802650\" data-element_type=\"widget\" data-e-type=\"widget\" data-widget_type=\"text-editor.default\">\n\t\t\t\t<div class=\"elementor-widget-container\">\n\t\t\t\t\t\t\t\t\t<p><span class=\"fontstyle0\">Em <\/span><span class=\"fontstyle2\">junho e dezembro, <\/span><span class=\"fontstyle0\">a CargillPrev realiza a campanha de renova\u00e7\u00e3o dos Perfis de Investimento, com o objetivo de apoiar os Participantes na <\/span><span class=\"fontstyle2\">compreens\u00e3o das op\u00e7\u00f5es dispon\u00edveis, <\/span><span class=\"fontstyle0\">dos <\/span><span class=\"fontstyle2\">riscos envolvidos <\/span><span class=\"fontstyle0\">e da import\u00e2ncia de uma decis\u00e3o consciente, alinhada ao <\/span><span class=\"fontstyle2\">seu momento de vida e \u00e0s expectativas de longo prazo. <\/span><span class=\"fontstyle0\">Na primeira campanha, promovemos duas palestras, que contaram com a participa\u00e7\u00e3o de aproximadamente 340 pessoas.<\/span><\/p>\t\t\t\t\t\t\t\t<\/div>\n\t\t\t\t<\/div>\n\t\t\t\t\t<\/div>\n\t\t<\/div>\n\t\t\t\t\t<\/div>\n\t\t<\/section>\n\t\t\t\t<section class=\"elementor-section elementor-top-section elementor-element elementor-element-ab33ea5 elementor-section-boxed elementor-section-height-default elementor-section-height-default\" data-id=\"ab33ea5\" data-element_type=\"section\" data-e-type=\"section\">\n\t\t\t\t\t\t<div class=\"elementor-container elementor-column-gap-default\">\n\t\t\t\t\t<div class=\"elementor-column elementor-col-100 elementor-top-column elementor-element elementor-element-684db42\" data-id=\"684db42\" data-element_type=\"column\" data-e-type=\"column\">\n\t\t\t<div class=\"elementor-widget-wrap elementor-element-populated\">\n\t\t\t\t\t\t<div class=\"elementor-element elementor-element-e9d008a elementor-widget elementor-widget-text-editor\" data-id=\"e9d008a\" data-element_type=\"widget\" data-e-type=\"widget\" data-widget_type=\"text-editor.default\">\n\t\t\t\t<div class=\"elementor-widget-container\">\n\t\t\t\t\t\t\t\t\t<p><span class=\"fontstyle0\">Na segunda, adotamos uma abordagem complementar, com a disponibiliza\u00e7\u00e3o de um v\u00eddeo explicativo apresentado por nossa especialista, que alcan\u00e7ou 230 visualiza\u00e7\u00f5es. Essa iniciativa demonstra a dedica\u00e7\u00e3o da CargillPrev em oferecer orienta\u00e7\u00e3o qualificada e informa\u00e7\u00f5es seguras, contribuindo para decis\u00f5es cada vez mais conscientes sobre o futuro financeiro.<\/span><\/p>\t\t\t\t\t\t\t\t<\/div>\n\t\t\t\t<\/div>\n\t\t\t\t<div class=\"elementor-element elementor-element-5921936 elementor-widget elementor-widget-image\" data-id=\"5921936\" data-element_type=\"widget\" data-e-type=\"widget\" data-widget_type=\"image.default\">\n\t\t\t\t<div class=\"elementor-widget-container\">\n\t\t\t\t\t\t\t\t\t\t\t\t\t\t\t<img fetchpriority=\"high\" decoding=\"async\" width=\"827\" height=\"156\" src=\"https:\/\/cargillprev.com.br\/relatorio-anual-2025\/wp-content\/uploads\/2026\/04\/campanha-perfis-investimento.png\" class=\"attachment-large size-large wp-image-3254\" alt=\"\" srcset=\"https:\/\/cargillprev.com.br\/relatorio-anual-2025\/wp-content\/uploads\/2026\/04\/campanha-perfis-investimento.png 827w, https:\/\/cargillprev.com.br\/relatorio-anual-2025\/wp-content\/uploads\/2026\/04\/campanha-perfis-investimento-300x57.png 300w, https:\/\/cargillprev.com.br\/relatorio-anual-2025\/wp-content\/uploads\/2026\/04\/campanha-perfis-investimento-768x145.png 768w\" sizes=\"(max-width: 827px) 100vw, 827px\" \/>\t\t\t\t\t\t\t\t\t\t\t\t\t\t\t<\/div>\n\t\t\t\t<\/div>\n\t\t\t\t\t<\/div>\n\t\t<\/div>\n\t\t\t\t\t<\/div>\n\t\t<\/section>\n\t\t\t\t<section class=\"elementor-section elementor-top-section elementor-element elementor-element-510a0ef elementor-section-boxed elementor-section-height-default elementor-section-height-default\" data-id=\"510a0ef\" data-element_type=\"section\" data-e-type=\"section\">\n\t\t\t\t\t\t<div class=\"elementor-container elementor-column-gap-default\">\n\t\t\t\t\t<div class=\"elementor-column elementor-col-100 elementor-top-column elementor-element elementor-element-1481316c\" data-id=\"1481316c\" data-element_type=\"column\" data-e-type=\"column\">\n\t\t\t<div class=\"elementor-widget-wrap elementor-element-populated\">\n\t\t\t\t\t\t<div class=\"elementor-element elementor-element-6f3c718e box-destaque-materia elementor-widget elementor-widget-text-editor\" data-id=\"6f3c718e\" data-element_type=\"widget\" data-e-type=\"widget\" data-widget_type=\"text-editor.default\">\n\t\t\t\t<div class=\"elementor-widget-container\">\n\t\t\t\t\t\t\t\t\t<p><strong><span class=\"fontstyle0\">Hist\u00f3rias que Aproximam: Benef\u00edcios Reais da CargillPrev<\/span><br \/><\/strong><\/p>\t\t\t\t\t\t\t\t<\/div>\n\t\t\t\t<\/div>\n\t\t\t\t\t<\/div>\n\t\t<\/div>\n\t\t\t\t\t<\/div>\n\t\t<\/section>\n\t\t\t\t<section class=\"elementor-section elementor-top-section elementor-element elementor-element-4cb9e884 elementor-section-boxed elementor-section-height-default elementor-section-height-default\" data-id=\"4cb9e884\" data-element_type=\"section\" data-e-type=\"section\">\n\t\t\t\t\t\t<div class=\"elementor-container elementor-column-gap-default\">\n\t\t\t\t\t<div class=\"elementor-column elementor-col-100 elementor-top-column elementor-element elementor-element-64b4e6e4\" data-id=\"64b4e6e4\" data-element_type=\"column\" data-e-type=\"column\">\n\t\t\t<div class=\"elementor-widget-wrap elementor-element-populated\">\n\t\t\t\t\t\t<div class=\"elementor-element elementor-element-58084fd6 elementor-widget elementor-widget-text-editor\" data-id=\"58084fd6\" data-element_type=\"widget\" data-e-type=\"widget\" data-widget_type=\"text-editor.default\">\n\t\t\t\t<div class=\"elementor-widget-container\">\n\t\t\t\t\t\t\t\t\t<p><span class=\"fontstyle0\">Para fortalecer o relacionamento com nossos Participantes, abrimos espa\u00e7o para que compartilhassem suas viv\u00eancias e mostrassem, na pr\u00e1tica, como a CargillPrev faz a diferen\u00e7a em diferentes momentos da vida. Valorizamos relatos reais como forma de evidenciar os impactos positivos da previd\u00eancia complementar no planejamento e na seguran\u00e7a financeira.<\/span> <\/p>\t\t\t\t\t\t\t\t<\/div>\n\t\t\t\t<\/div>\n\t\t<div class=\"elementor-element elementor-element-7a0bd6b e-grid e-con-boxed e-con e-parent\" data-id=\"7a0bd6b\" data-element_type=\"container\" data-e-type=\"container\">\n\t\t\t\t\t<div class=\"e-con-inner\">\n\t\t\t\t<div class=\"elementor-element elementor-element-4e5196d elementor-widget elementor-widget-image\" data-id=\"4e5196d\" data-element_type=\"widget\" data-e-type=\"widget\" data-widget_type=\"image.default\">\n\t\t\t\t<div class=\"elementor-widget-container\">\n\t\t\t\t\t\t\t\t\t\t\t\t\t\t\t<img decoding=\"async\" width=\"1024\" height=\"793\" src=\"https:\/\/cargillprev.com.br\/relatorio-anual-2025\/wp-content\/uploads\/2026\/04\/Carlos-alberto-1024x793.jpg\" class=\"attachment-large size-large wp-image-3244\" alt=\"\" srcset=\"https:\/\/cargillprev.com.br\/relatorio-anual-2025\/wp-content\/uploads\/2026\/04\/Carlos-alberto-1024x793.jpg 1024w, https:\/\/cargillprev.com.br\/relatorio-anual-2025\/wp-content\/uploads\/2026\/04\/Carlos-alberto-300x232.jpg 300w, https:\/\/cargillprev.com.br\/relatorio-anual-2025\/wp-content\/uploads\/2026\/04\/Carlos-alberto-768x595.jpg 768w, https:\/\/cargillprev.com.br\/relatorio-anual-2025\/wp-content\/uploads\/2026\/04\/Carlos-alberto-1536x1189.jpg 1536w, https:\/\/cargillprev.com.br\/relatorio-anual-2025\/wp-content\/uploads\/2026\/04\/Carlos-alberto-2048x1586.jpg 2048w\" sizes=\"(max-width: 1024px) 100vw, 1024px\" \/>\t\t\t\t\t\t\t\t\t\t\t\t\t\t\t<\/div>\n\t\t\t\t<\/div>\n\t\t\t\t<div class=\"elementor-element elementor-element-2210c4b elementor-widget elementor-widget-text-editor\" data-id=\"2210c4b\" data-element_type=\"widget\" data-e-type=\"widget\" data-widget_type=\"text-editor.default\">\n\t\t\t\t<div class=\"elementor-widget-container\">\n\t\t\t\t\t\t\t\t\t<p><span class=\"fontstyle0\"><strong>Carlos Alberto<\/strong>, <\/span><span class=\"fontstyle2\">de Bebedouro, compartilhou a experi\u00eancia de suporte recebido durante o per\u00edodo de aux\u00edlio-doen\u00e7a, destacando a import\u00e2ncia do benef\u00edcio para atravessar uma fase delicada com mais tranquilidade e prote\u00e7\u00e3o. <\/span><a href=\"https:\/\/www.youtube.com\/watch?v=fuGM82bz1mg\" target=\"_blank\" rel=\"noopener\"><strong><span class=\"fontstyle0\">Confira seu depoimento<\/span><\/strong><\/a><\/p>\t\t\t\t\t\t\t\t<\/div>\n\t\t\t\t<\/div>\n\t\t\t\t\t<\/div>\n\t\t\t\t<\/div>\n\t\t<div class=\"elementor-element elementor-element-0e2ece9 e-grid e-con-boxed e-con e-parent\" data-id=\"0e2ece9\" data-element_type=\"container\" data-e-type=\"container\">\n\t\t\t\t\t<div class=\"e-con-inner\">\n\t\t\t\t<div class=\"elementor-element elementor-element-ff587ac elementor-widget elementor-widget-image\" data-id=\"ff587ac\" data-element_type=\"widget\" data-e-type=\"widget\" data-widget_type=\"image.default\">\n\t\t\t\t<div class=\"elementor-widget-container\">\n\t\t\t\t\t\t\t\t\t\t\t\t\t\t\t<img decoding=\"async\" width=\"1024\" height=\"906\" src=\"https:\/\/cargillprev.com.br\/relatorio-anual-2025\/wp-content\/uploads\/2026\/04\/Giseli-Bezson-1024x906.jpg\" class=\"attachment-large size-large wp-image-3245\" alt=\"\" srcset=\"https:\/\/cargillprev.com.br\/relatorio-anual-2025\/wp-content\/uploads\/2026\/04\/Giseli-Bezson-1024x906.jpg 1024w, https:\/\/cargillprev.com.br\/relatorio-anual-2025\/wp-content\/uploads\/2026\/04\/Giseli-Bezson-300x266.jpg 300w, https:\/\/cargillprev.com.br\/relatorio-anual-2025\/wp-content\/uploads\/2026\/04\/Giseli-Bezson-768x680.jpg 768w, https:\/\/cargillprev.com.br\/relatorio-anual-2025\/wp-content\/uploads\/2026\/04\/Giseli-Bezson-1536x1359.jpg 1536w, https:\/\/cargillprev.com.br\/relatorio-anual-2025\/wp-content\/uploads\/2026\/04\/Giseli-Bezson.jpg 1966w\" sizes=\"(max-width: 1024px) 100vw, 1024px\" \/>\t\t\t\t\t\t\t\t\t\t\t\t\t\t\t<\/div>\n\t\t\t\t<\/div>\n\t\t\t\t<div class=\"elementor-element elementor-element-4f088d3 elementor-widget elementor-widget-text-editor\" data-id=\"4f088d3\" data-element_type=\"widget\" data-e-type=\"widget\" data-widget_type=\"text-editor.default\">\n\t\t\t\t<div class=\"elementor-widget-container\">\n\t\t\t\t\t\t\t\t\t<p><span class=\"fontstyle0\">J\u00e1 <\/span><span class=\"fontstyle2\"><strong>Giseli Bezson<\/strong>, <\/span><span class=\"fontstyle0\">Participante h\u00e1 mais de 25 anos, ressaltou os ganhos fiscais percebidos tanto na renda quanto na declara\u00e7\u00e3o de Imposto de Renda. Seu relato evidencia como a previd\u00eancia complementar contribui para uma gest\u00e3o financeira mais eficiente ao longo do tempo.<\/span><\/p><p><a href=\"https:\/\/www.youtube.com\/watch?v=sUL7vu3EyI4\" target=\"_blank\" rel=\"noopener\"><strong><span class=\"fontstyle2\">Assista ao v\u00eddeo<\/span><\/strong><\/a><\/p>\t\t\t\t\t\t\t\t<\/div>\n\t\t\t\t<\/div>\n\t\t\t\t\t<\/div>\n\t\t\t\t<\/div>\n\t\t\t\t<div class=\"elementor-element elementor-element-c57dba7 elementor-widget elementor-widget-text-editor\" data-id=\"c57dba7\" data-element_type=\"widget\" data-e-type=\"widget\" data-widget_type=\"text-editor.default\">\n\t\t\t\t<div class=\"elementor-widget-container\">\n\t\t\t\t\t\t\t\t\t<p><span class=\"fontstyle0\">Essas hist\u00f3rias refor\u00e7am a dedica\u00e7\u00e3o da CargillPrev em apoiar cada Participante com informa\u00e7\u00e3o qualificada, proximidade e solu\u00e7\u00f5es que realmente fazem diferen\u00e7a, promovendo mais seguran\u00e7a, tranquilidade e valor ao longo de toda a jornada financeira.<\/span> <\/p>\t\t\t\t\t\t\t\t<\/div>\n\t\t\t\t<\/div>\n\t\t\t\t\t<\/div>\n\t\t<\/div>\n\t\t\t\t\t<\/div>\n\t\t<\/section>\n\t\t\t\t<section class=\"elementor-section elementor-top-section elementor-element elementor-element-5f57d055 elementor-section-boxed elementor-section-height-default elementor-section-height-default\" data-id=\"5f57d055\" data-element_type=\"section\" data-e-type=\"section\">\n\t\t\t\t\t\t<div class=\"elementor-container elementor-column-gap-default\">\n\t\t\t\t\t<div class=\"elementor-column elementor-col-100 elementor-top-column elementor-element elementor-element-17840118\" data-id=\"17840118\" data-element_type=\"column\" data-e-type=\"column\">\n\t\t\t<div class=\"elementor-widget-wrap elementor-element-populated\">\n\t\t\t\t\t\t<div class=\"elementor-element elementor-element-3c23fcf7 box-destaque-materia elementor-widget elementor-widget-text-editor\" data-id=\"3c23fcf7\" data-element_type=\"widget\" data-e-type=\"widget\" data-widget_type=\"text-editor.default\">\n\t\t\t\t<div class=\"elementor-widget-container\">\n\t\t\t\t\t\t\t\t\t<p><strong><span class=\"fontstyle0\">Voc\u00ea confiaria seu futuro \u00e0 sorte?<\/span><br \/><\/strong><\/p>\t\t\t\t\t\t\t\t<\/div>\n\t\t\t\t<\/div>\n\t\t\t\t\t<\/div>\n\t\t<\/div>\n\t\t\t\t\t<\/div>\n\t\t<\/section>\n\t\t\t\t<section class=\"elementor-section elementor-top-section elementor-element elementor-element-39a19440 elementor-section-boxed elementor-section-height-default elementor-section-height-default\" data-id=\"39a19440\" data-element_type=\"section\" data-e-type=\"section\">\n\t\t\t\t\t\t<div class=\"elementor-container elementor-column-gap-default\">\n\t\t\t\t\t<div class=\"elementor-column elementor-col-100 elementor-top-column elementor-element elementor-element-11660a1e\" data-id=\"11660a1e\" data-element_type=\"column\" data-e-type=\"column\">\n\t\t\t<div class=\"elementor-widget-wrap elementor-element-populated\">\n\t\t\t\t\t\t<div class=\"elementor-element elementor-element-f08f368 elementor-widget elementor-widget-text-editor\" data-id=\"f08f368\" data-element_type=\"widget\" data-e-type=\"widget\" data-widget_type=\"text-editor.default\">\n\t\t\t\t<div class=\"elementor-widget-container\">\n\t\t\t\t\t\t\t\t\t<p><span class=\"fontstyle0\">Essa foi a provoca\u00e7\u00e3o que inspirou a nova campanha da CargillPrev, o plano de previd\u00eancia da Cargill. Para despertar reflex\u00e3o e engajamento, utilizamos a raspadinha da sorte como elemento central \u2014 uma abordagem l\u00fadica que refor\u00e7a uma mensagem essencial: quando o assunto \u00e9 futuro financeiro, contar apenas com a sorte n\u00e3o \u00e9 uma estrat\u00e9gia.<\/span><\/p>\t\t\t\t\t\t\t\t<\/div>\n\t\t\t\t<\/div>\n\t\t\t\t\t<\/div>\n\t\t<\/div>\n\t\t\t\t\t<\/div>\n\t\t<\/section>\n\t\t\t\t<section class=\"elementor-section elementor-top-section elementor-element elementor-element-5236cb8 elementor-section-boxed elementor-section-height-default elementor-section-height-default\" data-id=\"5236cb8\" data-element_type=\"section\" data-e-type=\"section\">\n\t\t\t\t\t\t<div class=\"elementor-container elementor-column-gap-default\">\n\t\t\t\t\t<div class=\"elementor-column elementor-col-100 elementor-top-column elementor-element elementor-element-bd21dee\" data-id=\"bd21dee\" data-element_type=\"column\" data-e-type=\"column\">\n\t\t\t<div class=\"elementor-widget-wrap elementor-element-populated\">\n\t\t\t\t\t\t<div class=\"elementor-element elementor-element-a867067 elementor-widget elementor-widget-text-editor\" data-id=\"a867067\" data-element_type=\"widget\" data-e-type=\"widget\" data-widget_type=\"text-editor.default\">\n\t\t\t\t<div class=\"elementor-widget-container\">\n\t\t\t\t\t\t\t\t\t<p><span class=\"fontstyle0\">A campanha ganhou vida em a\u00e7\u00f5es presenciais nas cidades de S\u00e3o Paulo, Bebedouro, Itapira e Porto Ferreira, al\u00e9m de contar com palestras e plant\u00f5es de d\u00favidas, ampliando o di\u00e1logo e apoiando os Participantes em suas decis\u00f5es previdenci\u00e1rias.<\/span><\/p>\t\t\t\t\t\t\t\t<\/div>\n\t\t\t\t<\/div>\n\t\t\t\t\t<\/div>\n\t\t<\/div>\n\t\t\t\t\t<\/div>\n\t\t<\/section>\n\t\t\t\t<section class=\"elementor-section elementor-top-section elementor-element elementor-element-71841fcf elementor-section-boxed elementor-section-height-default elementor-section-height-default\" data-id=\"71841fcf\" data-element_type=\"section\" data-e-type=\"section\">\n\t\t\t\t\t\t<div class=\"elementor-container elementor-column-gap-default\">\n\t\t\t\t\t<div class=\"elementor-column elementor-col-100 elementor-top-column elementor-element elementor-element-31af2ebd\" data-id=\"31af2ebd\" data-element_type=\"column\" data-e-type=\"column\">\n\t\t\t<div class=\"elementor-widget-wrap elementor-element-populated\">\n\t\t\t\t\t\t<div class=\"elementor-element elementor-element-264ace7e elementor-widget elementor-widget-text-editor\" data-id=\"264ace7e\" data-element_type=\"widget\" data-e-type=\"widget\" data-widget_type=\"text-editor.default\">\n\t\t\t\t<div class=\"elementor-widget-container\">\n\t\t\t\t\t\t\t\t\t<p><span class=\"fontstyle0\">A mensagem \u00e9 direta e relevante: o melhor caminho \u00e9 o planejamento. Investir hoje \u00e9 o que permite construir seguran\u00e7a, tranquilidade e liberdade dos pr\u00f3ximos anos. Na CargillPrev, acreditamos que um futuro financeiro s\u00f3lido \u00e9 resultado de escolhas conscientes no presente \u2014 e seguimos ao lado de cada Participante em todas as etapas dessa jornada. Sorte pode ajudar\u2026 mas o que faz a diferen\u00e7a \u00e9 o planejamento!\u00a0<\/span><\/p>\t\t\t\t\t\t\t\t<\/div>\n\t\t\t\t<\/div>\n\t\t\t\t\t<\/div>\n\t\t<\/div>\n\t\t\t\t\t<\/div>\n\t\t<\/section>\n\t\t\t\t<section class=\"elementor-section elementor-top-section elementor-element elementor-element-6a8522e elementor-section-boxed elementor-section-height-default elementor-section-height-default\" data-id=\"6a8522e\" data-element_type=\"section\" data-e-type=\"section\">\n\t\t\t\t\t\t<div class=\"elementor-container elementor-column-gap-default\">\n\t\t\t\t\t<div class=\"elementor-column elementor-col-100 elementor-top-column elementor-element elementor-element-7cf5e788\" data-id=\"7cf5e788\" data-element_type=\"column\" data-e-type=\"column\">\n\t\t\t<div class=\"elementor-widget-wrap elementor-element-populated\">\n\t\t\t\t\t\t<div class=\"elementor-element elementor-element-2b66626e box-destaque-materia elementor-widget elementor-widget-text-editor\" data-id=\"2b66626e\" data-element_type=\"widget\" data-e-type=\"widget\" data-widget_type=\"text-editor.default\">\n\t\t\t\t<div class=\"elementor-widget-container\">\n\t\t\t\t\t\t\t\t\t<p><strong><span class=\"fontstyle0\">Portal CargillPrev: uma experi\u00eancia mais moderna e intuitiva<\/span><\/strong><\/p>\t\t\t\t\t\t\t\t<\/div>\n\t\t\t\t<\/div>\n\t\t\t\t\t<\/div>\n\t\t<\/div>\n\t\t\t\t\t<\/div>\n\t\t<\/section>\n\t\t\t\t<section class=\"elementor-section elementor-top-section elementor-element elementor-element-1a6d12a4 elementor-section-boxed elementor-section-height-default elementor-section-height-default\" data-id=\"1a6d12a4\" data-element_type=\"section\" data-e-type=\"section\">\n\t\t\t\t\t\t<div class=\"elementor-container elementor-column-gap-default\">\n\t\t\t\t\t<div class=\"elementor-column elementor-col-100 elementor-top-column elementor-element elementor-element-6c9ef15c\" data-id=\"6c9ef15c\" data-element_type=\"column\" data-e-type=\"column\">\n\t\t\t<div class=\"elementor-widget-wrap elementor-element-populated\">\n\t\t\t\t\t\t<div class=\"elementor-element elementor-element-51c3e2f7 elementor-widget elementor-widget-text-editor\" data-id=\"51c3e2f7\" data-element_type=\"widget\" data-e-type=\"widget\" data-widget_type=\"text-editor.default\">\n\t\t\t\t<div class=\"elementor-widget-container\">\n\t\t\t\t\t\t\t\t\t<p><span class=\"fontstyle0\">Para proporcionar uma jornada mais simples, segura e eficiente, aprimoramos o acesso \u00e0 \u00e1rea restrita da CargillPrev. A atualiza\u00e7\u00e3o do portal foi pensada para tornar as informa\u00e7\u00f5es mais acess\u00edveis e oferecer uma navega\u00e7\u00e3o mais fluida no acompanhamento do seu plano. Confira algumas das principais melhorias:<\/span> <\/p>\t\t\t\t\t\t\t\t<\/div>\n\t\t\t\t<\/div>\n\t\t\t\t\t<\/div>\n\t\t<\/div>\n\t\t\t\t\t<\/div>\n\t\t<\/section>\n\t\t\t\t<section class=\"elementor-section elementor-top-section elementor-element elementor-element-3bc9a208 elementor-section-boxed elementor-section-height-default elementor-section-height-default\" data-id=\"3bc9a208\" data-element_type=\"section\" data-e-type=\"section\">\n\t\t\t\t\t\t<div class=\"elementor-container elementor-column-gap-default\">\n\t\t\t\t\t<div class=\"elementor-column elementor-col-100 elementor-top-column elementor-element elementor-element-283486eb\" data-id=\"283486eb\" data-element_type=\"column\" data-e-type=\"column\">\n\t\t\t<div class=\"elementor-widget-wrap elementor-element-populated\">\n\t\t\t\t\t\t<div class=\"elementor-element elementor-element-65489924 elementor-widget elementor-widget-text-editor\" data-id=\"65489924\" data-element_type=\"widget\" data-e-type=\"widget\" data-widget_type=\"text-editor.default\">\n\t\t\t\t<div class=\"elementor-widget-container\">\n\t\t\t\t\t\t\t\t\t<ul><li><span class=\"fontstyle0\">Portal mais moderno e responsivo, garantindo melhor navega\u00e7\u00e3o pelo celular.<\/span><\/li><li><span class=\"fontstyle0\">Nova visualiza\u00e7\u00e3o do saldo, mais clara e organizada.<\/span><\/li><li><span class=\"fontstyle0\">Acesso aprimorado, com maior seguran\u00e7a e usabilidade.<\/span><\/li><\/ul>\t\t\t\t\t\t\t\t<\/div>\n\t\t\t\t<\/div>\n\t\t\t\t\t<\/div>\n\t\t<\/div>\n\t\t\t\t\t<\/div>\n\t\t<\/section>\n\t\t\t\t<section class=\"elementor-section elementor-top-section elementor-element elementor-element-3e5275a8 elementor-section-boxed elementor-section-height-default elementor-section-height-default\" data-id=\"3e5275a8\" data-element_type=\"section\" data-e-type=\"section\">\n\t\t\t\t\t\t<div class=\"elementor-container elementor-column-gap-default\">\n\t\t\t\t\t<div class=\"elementor-column elementor-col-100 elementor-top-column elementor-element elementor-element-62494d51\" data-id=\"62494d51\" data-element_type=\"column\" data-e-type=\"column\">\n\t\t\t<div class=\"elementor-widget-wrap elementor-element-populated\">\n\t\t\t\t\t\t<div class=\"elementor-element elementor-element-70638abd elementor-widget elementor-widget-text-editor\" data-id=\"70638abd\" data-element_type=\"widget\" data-e-type=\"widget\" data-widget_type=\"text-editor.default\">\n\t\t\t\t<div class=\"elementor-widget-container\">\n\t\t\t\t\t\t\t\t\t<p><span class=\"fontstyle0\">Essas evolu\u00e7\u00f5es refletem o compromisso da CargillPrev em oferecer uma experi\u00eancia digital alinhada \u00e0s necessidades dos Participantes, facilitando a gest\u00e3o e o cuidado com o seu futuro financeiro.<\/span> <\/p>\t\t\t\t\t\t\t\t<\/div>\n\t\t\t\t<\/div>\n\t\t\t\t\t<\/div>\n\t\t<\/div>\n\t\t\t\t\t<\/div>\n\t\t<\/section>\n\t\t\t\t<section class=\"elementor-section elementor-top-section elementor-element elementor-element-48b9ecc5 elementor-section-boxed elementor-section-height-default elementor-section-height-default\" data-id=\"48b9ecc5\" data-element_type=\"section\" data-e-type=\"section\">\n\t\t\t\t\t\t<div class=\"elementor-container elementor-column-gap-default\">\n\t\t\t\t\t<div class=\"elementor-column elementor-col-100 elementor-top-column elementor-element elementor-element-275caea3\" data-id=\"275caea3\" data-element_type=\"column\" data-e-type=\"column\">\n\t\t\t<div class=\"elementor-widget-wrap elementor-element-populated\">\n\t\t\t\t\t\t<div class=\"elementor-element elementor-element-30b2e75a box-destaque-materia elementor-widget elementor-widget-text-editor\" data-id=\"30b2e75a\" data-element_type=\"widget\" data-e-type=\"widget\" data-widget_type=\"text-editor.default\">\n\t\t\t\t<div class=\"elementor-widget-container\">\n\t\t\t\t\t\t\t\t\t<p><strong><span class=\"fontstyle0\">CargillPrev 37 anos!<\/span><br \/><\/strong><\/p>\t\t\t\t\t\t\t\t<\/div>\n\t\t\t\t<\/div>\n\t\t\t\t\t<\/div>\n\t\t<\/div>\n\t\t\t\t\t<\/div>\n\t\t<\/section>\n\t\t\t\t<section class=\"elementor-section elementor-top-section elementor-element elementor-element-61e6f904 elementor-section-boxed elementor-section-height-default elementor-section-height-default\" data-id=\"61e6f904\" data-element_type=\"section\" data-e-type=\"section\">\n\t\t\t\t\t\t<div class=\"elementor-container elementor-column-gap-default\">\n\t\t\t\t\t<div class=\"elementor-column elementor-col-100 elementor-top-column elementor-element elementor-element-2b6436b\" data-id=\"2b6436b\" data-element_type=\"column\" data-e-type=\"column\">\n\t\t\t<div class=\"elementor-widget-wrap elementor-element-populated\">\n\t\t\t\t\t\t<div class=\"elementor-element elementor-element-15324a9b elementor-widget elementor-widget-text-editor\" data-id=\"15324a9b\" data-element_type=\"widget\" data-e-type=\"widget\" data-widget_type=\"text-editor.default\">\n\t\t\t\t<div class=\"elementor-widget-container\">\n\t\t\t\t\t\t\t\t\t<p><span class=\"fontstyle0\">Celebrar 37 anos \u00e9 reconhecer uma trajet\u00f3ria s\u00f3lida, marcada pela confian\u00e7a, cuidado e constru\u00e7\u00e3o de um futuro mais seguro ao lado de quem realmente importa: voc\u00ea!<\/span> <\/p>\t\t\t\t\t\t\t\t<\/div>\n\t\t\t\t<\/div>\n\t\t\t\t\t<\/div>\n\t\t<\/div>\n\t\t\t\t\t<\/div>\n\t\t<\/section>\n\t\t\t\t<section class=\"elementor-section elementor-top-section elementor-element elementor-element-3445a8f4 elementor-section-boxed elementor-section-height-default elementor-section-height-default\" data-id=\"3445a8f4\" data-element_type=\"section\" data-e-type=\"section\">\n\t\t\t\t\t\t<div class=\"elementor-container elementor-column-gap-default\">\n\t\t\t\t\t<div class=\"elementor-column elementor-col-100 elementor-top-column elementor-element elementor-element-13f47481\" data-id=\"13f47481\" data-element_type=\"column\" data-e-type=\"column\">\n\t\t\t<div class=\"elementor-widget-wrap elementor-element-populated\">\n\t\t\t\t\t\t<div class=\"elementor-element elementor-element-7751ff27 elementor-widget elementor-widget-text-editor\" data-id=\"7751ff27\" data-element_type=\"widget\" data-e-type=\"widget\" data-widget_type=\"text-editor.default\">\n\t\t\t\t<div class=\"elementor-widget-container\">\n\t\t\t\t\t\t\t\t\t<p><span class=\"fontstyle0\">E essa conquista foi comemorada com quem faz parte dessa hist\u00f3ria! Entre Participantes e Assistidos inscritos na campanha, foram sorteados 10 planners financeiros exclusivos. Al\u00e9m disso, os funcion\u00e1rios que aderiram ao plano durante o m\u00eas de maio tamb\u00e9m foram reconhecidos. Ao todo, 105 pessoas foram contempladas, um resultado que refor\u00e7a o valor de estar junto em cada etapa da jornada e de investir, hoje, em um amanh\u00e3 mais tranquilo.<\/span><\/p>\t\t\t\t\t\t\t\t<\/div>\n\t\t\t\t<\/div>\n\t\t\t\t<div class=\"elementor-element elementor-element-53e5915 elementor-widget elementor-widget-image\" data-id=\"53e5915\" data-element_type=\"widget\" data-e-type=\"widget\" data-widget_type=\"image.default\">\n\t\t\t\t<div class=\"elementor-widget-container\">\n\t\t\t\t\t\t\t\t\t\t\t\t\t\t\t<img loading=\"lazy\" decoding=\"async\" width=\"829\" height=\"279\" src=\"https:\/\/cargillprev.com.br\/relatorio-anual-2025\/wp-content\/uploads\/2026\/04\/cargill-37anos.png\" class=\"attachment-large size-large wp-image-3255\" alt=\"\" srcset=\"https:\/\/cargillprev.com.br\/relatorio-anual-2025\/wp-content\/uploads\/2026\/04\/cargill-37anos.png 829w, https:\/\/cargillprev.com.br\/relatorio-anual-2025\/wp-content\/uploads\/2026\/04\/cargill-37anos-300x101.png 300w, https:\/\/cargillprev.com.br\/relatorio-anual-2025\/wp-content\/uploads\/2026\/04\/cargill-37anos-768x258.png 768w\" sizes=\"(max-width: 829px) 100vw, 829px\" \/>\t\t\t\t\t\t\t\t\t\t\t\t\t\t\t<\/div>\n\t\t\t\t<\/div>\n\t\t\t\t\t<\/div>\n\t\t<\/div>\n\t\t\t\t\t<\/div>\n\t\t<\/section>\n\t\t\t\t<section class=\"elementor-section elementor-top-section elementor-element elementor-element-67b13832 elementor-section-boxed elementor-section-height-default elementor-section-height-default\" data-id=\"67b13832\" data-element_type=\"section\" data-e-type=\"section\">\n\t\t\t\t\t\t<div class=\"elementor-container elementor-column-gap-default\">\n\t\t\t\t\t<div class=\"elementor-column elementor-col-100 elementor-top-column elementor-element elementor-element-390e6648\" data-id=\"390e6648\" data-element_type=\"column\" data-e-type=\"column\">\n\t\t\t<div class=\"elementor-widget-wrap elementor-element-populated\">\n\t\t\t\t\t\t<div class=\"elementor-element elementor-element-3115a89 box-destaque-materia elementor-widget elementor-widget-text-editor\" data-id=\"3115a89\" data-element_type=\"widget\" data-e-type=\"widget\" data-widget_type=\"text-editor.default\">\n\t\t\t\t<div class=\"elementor-widget-container\">\n\t\t\t\t\t\t\t\t\t<p><strong><span class=\"fontstyle0\">Encerramento do Plano Mais Vida<\/span><br \/><\/strong><\/p>\t\t\t\t\t\t\t\t<\/div>\n\t\t\t\t<\/div>\n\t\t\t\t\t<\/div>\n\t\t<\/div>\n\t\t\t\t\t<\/div>\n\t\t<\/section>\n\t\t\t\t<section class=\"elementor-section elementor-top-section elementor-element elementor-element-403d5f19 elementor-section-boxed elementor-section-height-default elementor-section-height-default\" data-id=\"403d5f19\" data-element_type=\"section\" data-e-type=\"section\">\n\t\t\t\t\t\t<div class=\"elementor-container elementor-column-gap-default\">\n\t\t\t\t\t<div class=\"elementor-column elementor-col-100 elementor-top-column elementor-element elementor-element-23eaf8d5\" data-id=\"23eaf8d5\" data-element_type=\"column\" data-e-type=\"column\">\n\t\t\t<div class=\"elementor-widget-wrap elementor-element-populated\">\n\t\t\t\t\t\t<div class=\"elementor-element elementor-element-1d08a1ba elementor-widget elementor-widget-text-editor\" data-id=\"1d08a1ba\" data-element_type=\"widget\" data-e-type=\"widget\" data-widget_type=\"text-editor.default\">\n\t\t\t\t<div class=\"elementor-widget-container\">\n\t\t\t\t\t\t\t\t\t<p><span class=\"fontstyle0\">O Plano Mais Vida, destinado a forma\u00e7\u00e3o de reserva financeira para cobertura de eventos de sa\u00fade, teve as inscri\u00e7\u00f5es encerradas em 31\/10\/2025 e posteriormente, em alinhamento com as diretrizes globais da Cargill para benef\u00edcios corporativos, o plano foi oficialmente descontinuado.<\/span><span class=\"fontstyle0\">\u00a0O <\/span><span class=\"fontstyle2\"><strong>posicionamento dos saldos ocorreu em 31\/12\/2025, com quita\u00e7\u00e3o prevista para abril de 2026<\/strong>. <\/span><span class=\"fontstyle0\">Essa atualiza\u00e7\u00e3o reafirma o alinhamento \u00e0s pol\u00edticas corporativas e o compromisso com a transpar\u00eancia, a seguran\u00e7a e a responsabilidade na gest\u00e3o dos benef\u00edcios oferecidos aos Participantes.<\/span><\/p>\t\t\t\t\t\t\t\t<\/div>\n\t\t\t\t<\/div>\n\t\t\t\t\t<\/div>\n\t\t<\/div>\n\t\t\t\t\t<\/div>\n\t\t<\/section>\n\t\t\t\t<section class=\"elementor-section elementor-top-section elementor-element elementor-element-1f4a6ba4 elementor-section-boxed elementor-section-height-default elementor-section-height-default\" data-id=\"1f4a6ba4\" data-element_type=\"section\" data-e-type=\"section\">\n\t\t\t\t\t\t<div class=\"elementor-container elementor-column-gap-default\">\n\t\t\t\t\t<div class=\"elementor-column elementor-col-100 elementor-top-column elementor-element elementor-element-57a0754b\" data-id=\"57a0754b\" data-element_type=\"column\" data-e-type=\"column\">\n\t\t\t<div class=\"elementor-widget-wrap elementor-element-populated\">\n\t\t\t\t\t\t<div class=\"elementor-element elementor-element-7dbe93c5 box-destaque-materia elementor-widget elementor-widget-text-editor\" data-id=\"7dbe93c5\" data-element_type=\"widget\" data-e-type=\"widget\" data-widget_type=\"text-editor.default\">\n\t\t\t\t<div class=\"elementor-widget-container\">\n\t\t\t\t\t\t\t\t\t<p><strong><span class=\"fontstyle0\">Mudan\u00e7a de Gestores nos Investimentos<\/span><br \/><\/strong><\/p>\t\t\t\t\t\t\t\t<\/div>\n\t\t\t\t<\/div>\n\t\t\t\t\t<\/div>\n\t\t<\/div>\n\t\t\t\t\t<\/div>\n\t\t<\/section>\n\t\t\t\t<section class=\"elementor-section elementor-top-section elementor-element elementor-element-643e8b6a elementor-section-boxed elementor-section-height-default elementor-section-height-default\" data-id=\"643e8b6a\" data-element_type=\"section\" data-e-type=\"section\">\n\t\t\t\t\t\t<div class=\"elementor-container elementor-column-gap-default\">\n\t\t\t\t\t<div class=\"elementor-column elementor-col-100 elementor-top-column elementor-element elementor-element-418c398b\" data-id=\"418c398b\" data-element_type=\"column\" data-e-type=\"column\">\n\t\t\t<div class=\"elementor-widget-wrap elementor-element-populated\">\n\t\t\t\t\t\t<div class=\"elementor-element elementor-element-701fb69b elementor-widget elementor-widget-text-editor\" data-id=\"701fb69b\" data-element_type=\"widget\" data-e-type=\"widget\" data-widget_type=\"text-editor.default\">\n\t\t\t\t<div class=\"elementor-widget-container\">\n\t\t\t\t\t\t\t\t\t<p><span class=\"fontstyle0\">A CargillPrev iniciou, em 2024, um processo abrangente de avalia\u00e7\u00e3o e sele\u00e7\u00e3o de gestores de carteiras administradas, com o objetivo de assegurar que a gest\u00e3o dos recursos dos planos permanecesse alinhada \u00e0s melhores pr\u00e1ticas de mercado e \u00e0s diretrizes de governan\u00e7a. O estudo envolveu an\u00e1lises quantitativas, como preserva\u00e7\u00e3o de capital, consist\u00eancia de retornos e compara\u00e7\u00e3o com a ind\u00fastria, al\u00e9m de an\u00e1lises qualitativas, incluindo estrutura de equipe, processos de investimento, governan\u00e7a, controles de risco e estabilidade organizacional. A pondera\u00e7\u00e3o desses crit\u00e9rios resultou em um ranking final de gestores, permitindo \u00e0 CargillPrev identificar as institui\u00e7\u00f5es que apresentavam o melhor equil\u00edbrio entre desempenho, robustez operacional e qualidade de gest\u00e3o. Com base nesses resultados, a entidade deu in\u00edcio \u00e0 reestrutura\u00e7\u00e3o de suas carteiras administradas, seguindo um cronograma detalhado que incluiu aceite comercial, planejamento contratual, avalia\u00e7\u00e3o das carteiras, resgates necess\u00e1rios, revis\u00f5es regulat\u00f3rias, transfer\u00eancias de ativos, cis\u00e3o de fundos e a migra\u00e7\u00e3o final das opera\u00e7\u00f5es.\u00a0<\/span><\/p>\t\t\t\t\t\t\t\t<\/div>\n\t\t\t\t<\/div>\n\t\t\t\t\t<\/div>\n\t\t<\/div>\n\t\t\t\t\t<\/div>\n\t\t<\/section>\n\t\t\t\t<section class=\"elementor-section elementor-top-section elementor-element elementor-element-7f512196 elementor-section-boxed elementor-section-height-default elementor-section-height-default\" data-id=\"7f512196\" data-element_type=\"section\" data-e-type=\"section\">\n\t\t\t\t\t\t<div class=\"elementor-container elementor-column-gap-default\">\n\t\t\t\t\t<div class=\"elementor-column elementor-col-100 elementor-top-column elementor-element elementor-element-3511cde0\" data-id=\"3511cde0\" data-element_type=\"column\" data-e-type=\"column\">\n\t\t\t<div class=\"elementor-widget-wrap elementor-element-populated\">\n\t\t\t\t\t\t<div class=\"elementor-element elementor-element-55365361 elementor-widget elementor-widget-text-editor\" data-id=\"55365361\" data-element_type=\"widget\" data-e-type=\"widget\" data-widget_type=\"text-editor.default\">\n\t\t\t\t<div class=\"elementor-widget-container\">\n\t\t\t\t\t\t\t\t\t<p><span class=\"fontstyle0\">A transi\u00e7\u00e3o foi conclu\u00edda em setembro de 2025, garantindo a continuidade na gest\u00e3o dos recursos, sem interrup\u00e7\u00f5es e em total conformidade com a Pol\u00edtica de Investimentos. Todo o processo, conduzido com rigor t\u00e9cnico e forte coordena\u00e7\u00e3o entre as \u00e1reas envolvidas, refor\u00e7ou o compromisso da CargillPrev com governan\u00e7a, seguran\u00e7a operacional e efici\u00eancia na administra\u00e7\u00e3o dos planos.<\/span> <\/p>\t\t\t\t\t\t\t\t<\/div>\n\t\t\t\t<\/div>\n\t\t\t\t\t<\/div>\n\t\t<\/div>\n\t\t\t\t\t<\/div>\n\t\t<\/section>\n\t\t\t\t<section class=\"elementor-section elementor-top-section elementor-element elementor-element-652cf618 elementor-section-boxed elementor-section-height-default elementor-section-height-default\" data-id=\"652cf618\" data-element_type=\"section\" data-e-type=\"section\">\n\t\t\t\t\t\t<div class=\"elementor-container elementor-column-gap-default\">\n\t\t\t\t\t<div class=\"elementor-column elementor-col-100 elementor-top-column elementor-element elementor-element-3c4a3aa4\" data-id=\"3c4a3aa4\" data-element_type=\"column\" data-e-type=\"column\">\n\t\t\t<div class=\"elementor-widget-wrap elementor-element-populated\">\n\t\t\t\t\t\t<div class=\"elementor-element elementor-element-51ed51ae box-destaque-materia elementor-widget elementor-widget-text-editor\" data-id=\"51ed51ae\" data-element_type=\"widget\" data-e-type=\"widget\" data-widget_type=\"text-editor.default\">\n\t\t\t\t<div class=\"elementor-widget-container\">\n\t\t\t\t\t\t\t\t\t<p><strong><span class=\"fontstyle0\">Campanhas de Incentivo Fiscal<\/span> <\/strong><\/p>\t\t\t\t\t\t\t\t<\/div>\n\t\t\t\t<\/div>\n\t\t\t\t\t<\/div>\n\t\t<\/div>\n\t\t\t\t\t<\/div>\n\t\t<\/section>\n\t\t\t\t<section class=\"elementor-section elementor-top-section elementor-element elementor-element-7a407211 elementor-section-boxed elementor-section-height-default elementor-section-height-default\" data-id=\"7a407211\" data-element_type=\"section\" data-e-type=\"section\">\n\t\t\t\t\t\t<div class=\"elementor-container elementor-column-gap-default\">\n\t\t\t\t\t<div class=\"elementor-column elementor-col-100 elementor-top-column elementor-element elementor-element-794bd633\" data-id=\"794bd633\" data-element_type=\"column\" data-e-type=\"column\">\n\t\t\t<div class=\"elementor-widget-wrap elementor-element-populated\">\n\t\t\t\t\t\t<div class=\"elementor-element elementor-element-29d19109 elementor-widget elementor-widget-text-editor\" data-id=\"29d19109\" data-element_type=\"widget\" data-e-type=\"widget\" data-widget_type=\"text-editor.default\">\n\t\t\t\t<div class=\"elementor-widget-container\">\n\t\t\t\t\t\t\t\t\t<p><span class=\"fontstyle0\">Em 2025, a CargillPrev realizou uma campanha de incentivo fiscal com foco em ampliar a educa\u00e7\u00e3o previdenci\u00e1ria, estimular novas ades\u00f5es e incentivar aportes adicionais dos participantes. A iniciativa contou com um v\u00eddeo explicativo, que apresentou de forma clara e objetiva as vantagens fiscais do plano, evidenciando tanto o impacto positivo imediato no sal\u00e1rio, por meio do diferimento fiscal, quanto os benef\u00edcios na Declara\u00e7\u00e3o do Imposto de Renda. Os resultados refor\u00e7am a efetividade da a\u00e7\u00e3o: em rela\u00e7\u00e3o a 2024, houve crescimento de 23% nos aportes eventuais, totalizando aproximadamente R$ 2,5 milh\u00f5es, al\u00e9m do aumento no n\u00famero de ades\u00f5es e no volume de contribui\u00e7\u00f5es. Esse desempenho evidencia o engajamento dos participantes e destaca o papel da CargillPrev no apoio ao planejamento financeiro de longo prazo, oferecendo informa\u00e7\u00e3o <\/span><span class=\"fontstyle0\">qualificada para decis\u00f5es mais conscientes e uma aposentadoria mais segura. <span class=\"fontstyle2\"><a href=\"https:\/\/www.youtube.com\/watch?v=UeWmWIe2xyI\" target=\"_blank\" rel=\"noopener\"><strong>Assista ao v\u00eddeo<\/strong><\/a>.<\/span><\/span><\/p>\t\t\t\t\t\t\t\t<\/div>\n\t\t\t\t<\/div>\n\t\t\t\t\t<\/div>\n\t\t<\/div>\n\t\t\t\t\t<\/div>\n\t\t<\/section>\n\t\t\t\t<section class=\"elementor-section elementor-top-section elementor-element elementor-element-333c73fc elementor-section-boxed elementor-section-height-default elementor-section-height-default\" data-id=\"333c73fc\" data-element_type=\"section\" data-e-type=\"section\">\n\t\t\t\t\t\t<div class=\"elementor-container elementor-column-gap-default\">\n\t\t\t\t\t<div class=\"elementor-column elementor-col-100 elementor-top-column elementor-element elementor-element-1eea4b7\" data-id=\"1eea4b7\" data-element_type=\"column\" data-e-type=\"column\">\n\t\t\t<div class=\"elementor-widget-wrap elementor-element-populated\">\n\t\t\t\t\t\t<div class=\"elementor-element elementor-element-338ca6c5 box-destaque-materia elementor-widget elementor-widget-text-editor\" data-id=\"338ca6c5\" data-element_type=\"widget\" data-e-type=\"widget\" data-widget_type=\"text-editor.default\">\n\t\t\t\t<div class=\"elementor-widget-container\">\n\t\t\t\t\t\t\t\t\t<p><strong><span class=\"fontstyle0\">Satisfa\u00e7\u00e3o dos Participantes<\/span> <\/strong><\/p>\t\t\t\t\t\t\t\t<\/div>\n\t\t\t\t<\/div>\n\t\t\t\t\t<\/div>\n\t\t<\/div>\n\t\t\t\t\t<\/div>\n\t\t<\/section>\n\t\t\t\t<section class=\"elementor-section elementor-top-section elementor-element elementor-element-da8702f elementor-section-boxed elementor-section-height-default elementor-section-height-default\" data-id=\"da8702f\" data-element_type=\"section\" data-e-type=\"section\">\n\t\t\t\t\t\t<div class=\"elementor-container elementor-column-gap-default\">\n\t\t\t\t\t<div class=\"elementor-column elementor-col-100 elementor-top-column elementor-element elementor-element-60914ec9\" data-id=\"60914ec9\" data-element_type=\"column\" data-e-type=\"column\">\n\t\t\t<div class=\"elementor-widget-wrap elementor-element-populated\">\n\t\t\t\t\t\t<div class=\"elementor-element elementor-element-199e2d4f elementor-widget elementor-widget-text-editor\" data-id=\"199e2d4f\" data-element_type=\"widget\" data-e-type=\"widget\" data-widget_type=\"text-editor.default\">\n\t\t\t\t<div class=\"elementor-widget-container\">\n\t\t\t\t\t\t\t\t\t<p><span class=\"fontstyle0\">A busca cont\u00ednua por excel\u00eancia no atendimento e na experi\u00eancia do Participante segue como uma prioridade para a CargillPrev. Como parte desse compromisso, foi realizada a Pesquisa de Satisfa\u00e7\u00e3o com base nos atendimentos realizados ao longo de 2025. Os resultados evidenciam a confian\u00e7a e a qualidade percebida pelos Participantes: 76% atribu\u00edram nota m\u00e1xima ao atendimento, destacando a agilidade, a clareza das informa\u00e7\u00f5es e o preparo t\u00e9cnico da equipe. O NPS (Net Promoter Score), indicador que mede o n\u00edvel de satisfa\u00e7\u00e3o e a probabilidade de recomenda\u00e7\u00e3o da Entidade, alcan\u00e7ou 72%, patamar classificado como excelente, refletindo um elevado grau de confian\u00e7a e recomenda\u00e7\u00e3o por parte dos Participantes. Esse desempenho refor\u00e7a pilares essenciais da CargillPrev \u2014 transpar\u00eancia, proximidade e qualidade no relacionamento \u2014 e evidencia uma atua\u00e7\u00e3o consistente na constru\u00e7\u00e3o de uma experi\u00eancia cada vez mais simples, eficiente e alinhada \u00e0s melhores pr\u00e1ticas da previd\u00eancia complementar.<\/span> <\/p>\t\t\t\t\t\t\t\t<\/div>\n\t\t\t\t<\/div>\n\t\t\t\t\t<\/div>\n\t\t<\/div>\n\t\t\t\t\t<\/div>\n\t\t<\/section>\n\t\t\t\t<section class=\"elementor-section elementor-top-section elementor-element elementor-element-199780a elementor-section-boxed elementor-section-height-default elementor-section-height-default\" data-id=\"199780a\" data-element_type=\"section\" data-e-type=\"section\">\n\t\t\t\t\t\t<div class=\"elementor-container elementor-column-gap-default\">\n\t\t\t\t\t<div class=\"elementor-column elementor-col-100 elementor-top-column elementor-element elementor-element-5b13130\" data-id=\"5b13130\" data-element_type=\"column\" data-e-type=\"column\">\n\t\t\t<div class=\"elementor-widget-wrap elementor-element-populated\">\n\t\t\t\t\t\t<div class=\"elementor-element elementor-element-9be2518 box-destaque-materia elementor-widget elementor-widget-text-editor\" data-id=\"9be2518\" data-element_type=\"widget\" data-e-type=\"widget\" data-widget_type=\"text-editor.default\">\n\t\t\t\t<div class=\"elementor-widget-container\">\n\t\t\t\t\t\t\t\t\t<p><strong><span class=\"fontstyle0\">Nova Auditoria de Demonstra\u00e7\u00f5es Cont\u00e1beis<\/span><\/strong> <\/p>\t\t\t\t\t\t\t\t<\/div>\n\t\t\t\t<\/div>\n\t\t\t\t\t<\/div>\n\t\t<\/div>\n\t\t\t\t\t<\/div>\n\t\t<\/section>\n\t\t\t\t<section class=\"elementor-section elementor-top-section elementor-element elementor-element-48e146e5 elementor-section-boxed elementor-section-height-default elementor-section-height-default\" data-id=\"48e146e5\" data-element_type=\"section\" data-e-type=\"section\">\n\t\t\t\t\t\t<div class=\"elementor-container elementor-column-gap-default\">\n\t\t\t\t\t<div class=\"elementor-column elementor-col-100 elementor-top-column elementor-element elementor-element-715b3782\" data-id=\"715b3782\" data-element_type=\"column\" data-e-type=\"column\">\n\t\t\t<div class=\"elementor-widget-wrap elementor-element-populated\">\n\t\t\t\t\t\t<div class=\"elementor-element elementor-element-1e60377c elementor-widget elementor-widget-text-editor\" data-id=\"1e60377c\" data-element_type=\"widget\" data-e-type=\"widget\" data-widget_type=\"text-editor.default\">\n\t\t\t\t<div class=\"elementor-widget-container\">\n\t\t\t\t\t\t\t\t\t<p><span class=\"fontstyle0\">Em alinhamento \u00e0s melhores pr\u00e1ticas de governan\u00e7a e transpar\u00eancia, e em conformidade com as exig\u00eancias legais aplic\u00e1veis \u00e0s EFPCs, a CargillPrev conduziu um processo de concorr\u00eancia (BID) para a sele\u00e7\u00e3o de empresa especializada em auditoria independente das demonstra\u00e7\u00f5es cont\u00e1beis e financeiras.<\/span> <\/p>\t\t\t\t\t\t\t\t<\/div>\n\t\t\t\t<\/div>\n\t\t\t\t\t<\/div>\n\t\t<\/div>\n\t\t\t\t\t<\/div>\n\t\t<\/section>\n\t\t\t\t<section class=\"elementor-section elementor-top-section elementor-element elementor-element-4f18b907 elementor-section-boxed elementor-section-height-default elementor-section-height-default\" data-id=\"4f18b907\" data-element_type=\"section\" data-e-type=\"section\">\n\t\t\t\t\t\t<div class=\"elementor-container elementor-column-gap-default\">\n\t\t\t\t\t<div class=\"elementor-column elementor-col-100 elementor-top-column elementor-element elementor-element-108ee843\" data-id=\"108ee843\" data-element_type=\"column\" data-e-type=\"column\">\n\t\t\t<div class=\"elementor-widget-wrap elementor-element-populated\">\n\t\t\t\t\t\t<div class=\"elementor-element elementor-element-5ce6f9ec elementor-widget elementor-widget-text-editor\" data-id=\"5ce6f9ec\" data-element_type=\"widget\" data-e-type=\"widget\" data-widget_type=\"text-editor.default\">\n\t\t\t\t<div class=\"elementor-widget-container\">\n\t\t\t\t\t\t\t\t\t<p><span class=\"fontstyle0\">O processo, liderado pela \u00e1rea de Strategic Sourcing da Cargill, resultou na escolha da PwC (PricewaterhouseCoopers), uma das maiores organiza\u00e7\u00f5es globais de auditoria e consultoria, com s\u00f3lida experi\u00eancia no segmento de previd\u00eancia complementar. A PwC passa a assumir a auditoria no lugar da Deloitte, que atuou junto \u00e0 Entidade nos \u00faltimos tr\u00eas anos. A iniciativa refor\u00e7a o compromisso da CargillPrev com a integridade, a transpar\u00eancia e a qualidade das informa\u00e7\u00f5es financeiras, assegurando a atua\u00e7\u00e3o de uma auditoria independente e qualificada, em linha com as diretrizes da Previc e com o modelo de Supervis\u00e3o Baseada em Risco.<\/span><\/p>\t\t\t\t\t\t\t\t<\/div>\n\t\t\t\t<\/div>\n\t\t\t\t\t<\/div>\n\t\t<\/div>\n\t\t\t\t\t<\/div>\n\t\t<\/section>\n\t\t\t\t<section class=\"elementor-section elementor-top-section elementor-element elementor-element-617df91 elementor-section-boxed elementor-section-height-default elementor-section-height-default\" data-id=\"617df91\" data-element_type=\"section\" data-e-type=\"section\">\n\t\t\t\t\t\t<div class=\"elementor-container elementor-column-gap-default\">\n\t\t\t\t\t<div class=\"elementor-column elementor-col-100 elementor-top-column elementor-element elementor-element-887c291\" data-id=\"887c291\" data-element_type=\"column\" data-e-type=\"column\">\n\t\t\t<div class=\"elementor-widget-wrap elementor-element-populated\">\n\t\t\t\t\t\t<div class=\"elementor-element elementor-element-5e67c84 box-destaque-materia elementor-widget elementor-widget-text-editor\" data-id=\"5e67c84\" data-element_type=\"widget\" data-e-type=\"widget\" data-widget_type=\"text-editor.default\">\n\t\t\t\t<div class=\"elementor-widget-container\">\n\t\t\t\t\t\t\t\t\t<p><strong><span class=\"fontstyle0\">Fiscaliza\u00e7\u00e3o Previc<\/span><\/strong> <\/p>\t\t\t\t\t\t\t\t<\/div>\n\t\t\t\t<\/div>\n\t\t\t\t\t<\/div>\n\t\t<\/div>\n\t\t\t\t\t<\/div>\n\t\t<\/section>\n\t\t\t\t<section class=\"elementor-section elementor-top-section elementor-element elementor-element-9452476 elementor-section-boxed elementor-section-height-default elementor-section-height-default\" data-id=\"9452476\" data-element_type=\"section\" data-e-type=\"section\">\n\t\t\t\t\t\t<div class=\"elementor-container elementor-column-gap-default\">\n\t\t\t\t\t<div class=\"elementor-column elementor-col-100 elementor-top-column elementor-element elementor-element-576b90c\" data-id=\"576b90c\" data-element_type=\"column\" data-e-type=\"column\">\n\t\t\t<div class=\"elementor-widget-wrap elementor-element-populated\">\n\t\t\t\t\t\t<div class=\"elementor-element elementor-element-0f98188 elementor-widget elementor-widget-text-editor\" data-id=\"0f98188\" data-element_type=\"widget\" data-e-type=\"widget\" data-widget_type=\"text-editor.default\">\n\t\t\t\t<div class=\"elementor-widget-container\">\n\t\t\t\t\t\t\t\t\t<p><span class=\"fontstyle0\">Em maio de 2025, a CargillPrev atendeu a uma dilig\u00eancia de fiscaliza\u00e7\u00e3o conduzida pela Previc, com foco nos modelos de Supervis\u00e3o Baseada em Risco e Supervis\u00e3o Tem\u00e1tica, abrangendo a avalia\u00e7\u00e3o completa da estrutura da Entidade.<\/span> <\/p>\t\t\t\t\t\t\t\t<\/div>\n\t\t\t\t<\/div>\n\t\t\t\t\t<\/div>\n\t\t<\/div>\n\t\t\t\t\t<\/div>\n\t\t<\/section>\n\t\t\t\t<section class=\"elementor-section elementor-top-section elementor-element elementor-element-c3dd8c5 elementor-section-boxed elementor-section-height-default elementor-section-height-default\" data-id=\"c3dd8c5\" data-element_type=\"section\" data-e-type=\"section\">\n\t\t\t\t\t\t<div class=\"elementor-container elementor-column-gap-default\">\n\t\t\t\t\t<div class=\"elementor-column elementor-col-100 elementor-top-column elementor-element elementor-element-cda90b9\" data-id=\"cda90b9\" data-element_type=\"column\" data-e-type=\"column\">\n\t\t\t<div class=\"elementor-widget-wrap elementor-element-populated\">\n\t\t\t\t\t\t<div class=\"elementor-element elementor-element-82f55cc elementor-widget elementor-widget-text-editor\" data-id=\"82f55cc\" data-element_type=\"widget\" data-e-type=\"widget\" data-widget_type=\"text-editor.default\">\n\t\t\t\t<div class=\"elementor-widget-container\">\n\t\t\t\t\t\t\t\t\t<p><span class=\"fontstyle0\">O processo, essencial para a governan\u00e7a das entidades fechadas de previd\u00eancia complementar, tem como objetivo assegurar a prote\u00e7\u00e3o dos participantes, da patrocinadora e a solidez do sistema no Brasil. Ao longo da fiscaliza\u00e7\u00e3o, foram analisados mais de 28 requisitos, envolvendo \u00e1reas como investimentos, governan\u00e7a, seguridade, comunica\u00e7\u00e3o e gest\u00e3o de riscos.<\/span> <\/p>\t\t\t\t\t\t\t\t<\/div>\n\t\t\t\t<\/div>\n\t\t\t\t\t<\/div>\n\t\t<\/div>\n\t\t\t\t\t<\/div>\n\t\t<\/section>\n\t\t\t\t<section class=\"elementor-section elementor-top-section elementor-element elementor-element-2d79d63 elementor-section-boxed elementor-section-height-default elementor-section-height-default\" data-id=\"2d79d63\" data-element_type=\"section\" data-e-type=\"section\">\n\t\t\t\t\t\t<div class=\"elementor-container elementor-column-gap-default\">\n\t\t\t\t\t<div class=\"elementor-column elementor-col-100 elementor-top-column elementor-element elementor-element-3f784e8\" data-id=\"3f784e8\" data-element_type=\"column\" data-e-type=\"column\">\n\t\t\t<div class=\"elementor-widget-wrap elementor-element-populated\">\n\t\t\t\t\t\t<div class=\"elementor-element elementor-element-f495a33 elementor-widget elementor-widget-text-editor\" data-id=\"f495a33\" data-element_type=\"widget\" data-e-type=\"widget\" data-widget_type=\"text-editor.default\">\n\t\t\t\t<div class=\"elementor-widget-container\">\n\t\t\t\t\t\t\t\t\t<p><span class=\"fontstyle0\">A dilig\u00eancia ocorreu entre maio e agosto, com pleno atendimento a todas as exig\u00eancias. Como resultado, foi emitido o Relat\u00f3rio de Fiscaliza\u00e7\u00e3o, apresentado \u00e0 Diretoria Executiva e ao Conselho Deliberativo, atestando a regularidade, conformidade e solidez da gest\u00e3o da CargillPrev. O encerramento formal ocorreu por meio de Of\u00edcio da Previc, publicado em 04 de setembro de 2025.<\/span> <\/p>\t\t\t\t\t\t\t\t<\/div>\n\t\t\t\t<\/div>\n\t\t\t\t\t<\/div>\n\t\t<\/div>\n\t\t\t\t\t<\/div>\n\t\t<\/section>\n\t\t\t\t<section class=\"elementor-section elementor-top-section elementor-element elementor-element-c54524a elementor-section-boxed elementor-section-height-default elementor-section-height-default\" data-id=\"c54524a\" data-element_type=\"section\" data-e-type=\"section\">\n\t\t\t\t\t\t<div class=\"elementor-container elementor-column-gap-default\">\n\t\t\t\t\t<div class=\"elementor-column elementor-col-100 elementor-top-column elementor-element elementor-element-a08fd16\" data-id=\"a08fd16\" data-element_type=\"column\" data-e-type=\"column\">\n\t\t\t<div class=\"elementor-widget-wrap elementor-element-populated\">\n\t\t\t\t\t\t<div class=\"elementor-element elementor-element-a377f77 box-destaque-materia elementor-widget elementor-widget-text-editor\" data-id=\"a377f77\" data-element_type=\"widget\" data-e-type=\"widget\" data-widget_type=\"text-editor.default\">\n\t\t\t\t<div class=\"elementor-widget-container\">\n\t\t\t\t\t\t\t\t\t<p><strong><span class=\"fontstyle0\">Estudo de viabilidade de novas aquisi\u00e7\u00f5es<\/span><\/strong> <\/p>\t\t\t\t\t\t\t\t<\/div>\n\t\t\t\t<\/div>\n\t\t\t\t\t<\/div>\n\t\t<\/div>\n\t\t\t\t\t<\/div>\n\t\t<\/section>\n\t\t\t\t<section class=\"elementor-section elementor-top-section elementor-element elementor-element-11c279f elementor-section-boxed elementor-section-height-default elementor-section-height-default\" data-id=\"11c279f\" data-element_type=\"section\" data-e-type=\"section\">\n\t\t\t\t\t\t<div class=\"elementor-container elementor-column-gap-default\">\n\t\t\t\t\t<div class=\"elementor-column elementor-col-100 elementor-top-column elementor-element elementor-element-89aef72\" data-id=\"89aef72\" data-element_type=\"column\" data-e-type=\"column\">\n\t\t\t<div class=\"elementor-widget-wrap elementor-element-populated\">\n\t\t\t\t\t\t<div class=\"elementor-element elementor-element-56f7bcb elementor-widget elementor-widget-text-editor\" data-id=\"56f7bcb\" data-element_type=\"widget\" data-e-type=\"widget\" data-widget_type=\"text-editor.default\">\n\t\t\t\t<div class=\"elementor-widget-container\">\n\t\t\t\t\t\t\t\t\t<p><span class=\"fontstyle0\">Em 2025, a CargillPrev, em parceria com as \u00e1reas de RH e Enterprises da Cargill, realizou estudos de viabilidade sobre os planos de previd\u00eancia das empresas oriundas de novas aquisi\u00e7\u00f5es, comparando-os com o plano administrado pela CargillPrev. O objetivo foi assegurar total alinhamento de benef\u00edcios, custos e riscos, garantindo que os participantes dessas empresas tenham acesso a um plano consistente e sustent\u00e1vel.<\/span><\/p>\t\t\t\t\t\t\t\t<\/div>\n\t\t\t\t<\/div>\n\t\t\t\t<div class=\"elementor-element elementor-element-e77a346 elementor-widget elementor-widget-text-editor\" data-id=\"e77a346\" data-element_type=\"widget\" data-e-type=\"widget\" data-widget_type=\"text-editor.default\">\n\t\t\t\t<div class=\"elementor-widget-container\">\n\t\t\t\t\t\t\t\t\t<p><span class=\"fontstyle0\">A gest\u00e3o dos recursos previdenci\u00e1rios de longo prazo desses novos participantes e assistidos envolve alto grau de responsabilidade fiduci\u00e1ria, regulat\u00f3ria e prudencial, fatores cuidadosamente avaliados nos estudos. Essa pr\u00e1tica refor\u00e7a a solidez da governan\u00e7a da CargillPrev, oferecendo suporte qualificado aos \u00f3rg\u00e3os colegiados da entidade e \u00e0s Patrocinadoras, por meio de an\u00e1lises detalhadas que fundamentam decis\u00f5es estrat\u00e9gicas seguras e consistentes.\u00a0<\/span><\/p>\t\t\t\t\t\t\t\t<\/div>\n\t\t\t\t<\/div>\n\t\t\t\t\t<\/div>\n\t\t<\/div>\n\t\t\t\t\t<\/div>\n\t\t<\/section>\n\t\t\t\t<section class=\"elementor-section elementor-top-section elementor-element elementor-element-41f281d elementor-section-boxed elementor-section-height-default elementor-section-height-default\" data-id=\"41f281d\" data-element_type=\"section\" data-e-type=\"section\">\n\t\t\t\t\t\t<div class=\"elementor-container elementor-column-gap-default\">\n\t\t\t\t\t<div class=\"elementor-column elementor-col-100 elementor-top-column elementor-element elementor-element-a889445\" data-id=\"a889445\" data-element_type=\"column\" data-e-type=\"column\">\n\t\t\t<div class=\"elementor-widget-wrap elementor-element-populated\">\n\t\t\t\t\t\t<div class=\"elementor-element elementor-element-9991c27 box-destaque-materia elementor-widget elementor-widget-text-editor\" data-id=\"9991c27\" data-element_type=\"widget\" data-e-type=\"widget\" data-widget_type=\"text-editor.default\">\n\t\t\t\t<div class=\"elementor-widget-container\">\n\t\t\t\t\t\t\t\t\t<p><strong><span class=\"fontstyle0\">Perspectivas e Projetos para 2026<\/span> <\/strong><\/p>\t\t\t\t\t\t\t\t<\/div>\n\t\t\t\t<\/div>\n\t\t\t\t<div class=\"elementor-element elementor-element-2976e1d elementor-widget elementor-widget-text-editor\" data-id=\"2976e1d\" data-element_type=\"widget\" data-e-type=\"widget\" data-widget_type=\"text-editor.default\">\n\t\t\t\t<div class=\"elementor-widget-container\">\n\t\t\t\t\t\t\t\t\t<p><span class=\"fontstyle0\">Em 2026, a CargillPrev continuar\u00e1 avan\u00e7ando em sua agenda de moderniza\u00e7\u00e3o e excel\u00eancia no atendimento aos Participantes. Entre os projetos estrat\u00e9gicos previstos, destacam-se iniciativas de inova\u00e7\u00e3o tecnol\u00f3gica, com a implementa\u00e7\u00e3o de um CRM integrado e a ado\u00e7\u00e3o de recursos de Intelig\u00eancia Artificial, que tornar\u00e3o a jornada do Participante mais \u00e1gil, personalizada e eficiente. Outro marco importante ser\u00e1 o desenvolvimento do Aplicativo CargillPrev, que ampliar\u00e1 a autonomia dos participantes, oferecendo acesso simplificado a informa\u00e7\u00f5es do plano, simula\u00e7\u00f5es, extratos, comunica\u00e7\u00f5es e atendimento direto no dispositivo m\u00f3vel.<\/span><\/p>\t\t\t\t\t\t\t\t<\/div>\n\t\t\t\t<\/div>\n\t\t\t\t<div class=\"elementor-element elementor-element-23ccd2f elementor-widget elementor-widget-text-editor\" data-id=\"23ccd2f\" data-element_type=\"widget\" data-e-type=\"widget\" data-widget_type=\"text-editor.default\">\n\t\t\t\t<div class=\"elementor-widget-container\">\n\t\t\t\t\t\t\t\t\t<p><span class=\"fontstyle0\">Todas essas iniciativas est\u00e3o alinhadas ao Planejamento Estrat\u00e9gico da CargillPrev, que estabelece metas claras para o crescimento sustent\u00e1vel da Entidade, incluindo a meta <\/span><span class=\"fontstyle0\">de alcan\u00e7ar R$ 4 bilh\u00f5es em patrim\u00f4nio at\u00e9 2030. Esse direcionamento refor\u00e7a nosso compromisso com uma gest\u00e3o s\u00f3lida, respons\u00e1vel e orientada ao longo prazo.<\/span><\/p>\t\t\t\t\t\t\t\t<\/div>\n\t\t\t\t<\/div>\n\t\t\t\t<div class=\"elementor-element elementor-element-d118fd7 elementor-widget elementor-widget-text-editor\" data-id=\"d118fd7\" data-element_type=\"widget\" data-e-type=\"widget\" data-widget_type=\"text-editor.default\">\n\t\t\t\t<div class=\"elementor-widget-container\">\n\t\t\t\t\t\t\t\t\t<p><span class=\"fontstyle0\">Com transpar\u00eancia, governan\u00e7a robusta e foco permanente na experi\u00eancia do Participante, a CargillPrev reafirma seu papel como uma entidade confi\u00e1vel e preparada para o futuro, comprometida em transformar cada decis\u00e3o em seguran\u00e7a, cada intera\u00e7\u00e3o em confian\u00e7a e cada plano em um legado de tranquilidade e prosperidade para os funcion\u00e1rios e suas fam\u00edlias.<\/span><\/p>\t\t\t\t\t\t\t\t<\/div>\n\t\t\t\t<\/div>\n\t\t\t\t\t<\/div>\n\t\t<\/div>\n\t\t\t\t\t<\/div>\n\t\t<\/section>\n\t\t\t\t<\/div>\n\t\t","protected":false},"excerpt":{"rendered":"<p>Elei\u00e7\u00f5es 2025 Entre janeiro e mar\u00e7o, foram realizadas as elei\u00e7\u00f5es para a renova\u00e7\u00e3o dos Conselhos Deliberativo (CD) e Fiscal (CF) da CargillPrev. Nesta edi\u00e7\u00e3o, estavam em disputa duas vagas para o Conselho Deliberativo e uma para o Conselho Fiscal, com a inscri\u00e7\u00e3o de nove candidatos \u2014 sete para o Conselho Deliberativo e dois para o [&hellip;]<\/p>\n","protected":false},"author":1,"featured_media":3262,"parent":2398,"menu_order":13,"comment_status":"closed","ping_status":"closed","template":"","meta":{"footnotes":""},"class_list":["post-2401","page","type-page","status-publish","has-post-thumbnail","hentry"],"acf":[],"_links":{"self":[{"href":"https:\/\/cargillprev.com.br\/relatorio-anual-2025\/wp-json\/wp\/v2\/pages\/2401","targetHints":{"allow":["GET"]}}],"collection":[{"href":"https:\/\/cargillprev.com.br\/relatorio-anual-2025\/wp-json\/wp\/v2\/pages"}],"about":[{"href":"https:\/\/cargillprev.com.br\/relatorio-anual-2025\/wp-json\/wp\/v2\/types\/page"}],"author":[{"embeddable":true,"href":"https:\/\/cargillprev.com.br\/relatorio-anual-2025\/wp-json\/wp\/v2\/users\/1"}],"replies":[{"embeddable":true,"href":"https:\/\/cargillprev.com.br\/relatorio-anual-2025\/wp-json\/wp\/v2\/comments?post=2401"}],"version-history":[{"count":58,"href":"https:\/\/cargillprev.com.br\/relatorio-anual-2025\/wp-json\/wp\/v2\/pages\/2401\/revisions"}],"predecessor-version":[{"id":3306,"href":"https:\/\/cargillprev.com.br\/relatorio-anual-2025\/wp-json\/wp\/v2\/pages\/2401\/revisions\/3306"}],"up":[{"embeddable":true,"href":"https:\/\/cargillprev.com.br\/relatorio-anual-2025\/wp-json\/wp\/v2\/pages\/2398"}],"wp:featuredmedia":[{"embeddable":true,"href":"https:\/\/cargillprev.com.br\/relatorio-anual-2025\/wp-json\/wp\/v2\/media\/3262"}],"wp:attachment":[{"href":"https:\/\/cargillprev.com.br\/relatorio-anual-2025\/wp-json\/wp\/v2\/media?parent=2401"}],"curies":[{"name":"wp","href":"https:\/\/api.w.org\/{rel}","templated":true}]}}