{"id":2416,"date":"2025-03-31T19:52:03","date_gmt":"2025-03-31T22:52:03","guid":{"rendered":"https:\/\/crtpropaganda.com.br\/raicargillprev\/?page_id=2416"},"modified":"2026-04-16T17:13:00","modified_gmt":"2026-04-16T20:13:00","slug":"mensagem-diretoria-de-investimentos","status":"publish","type":"page","link":"https:\/\/cargillprev.com.br\/relatorio-anual-2025\/investimentos\/mensagem-diretoria-de-investimentos\/","title":{"rendered":"Mensagem Diretoria de Investimentos"},"content":{"rendered":"\t\t<div data-elementor-type=\"wp-page\" data-elementor-id=\"2416\" class=\"elementor elementor-2416\">\n\t\t\t\t\t\t<section class=\"elementor-section elementor-top-section elementor-element elementor-element-1786d7fd elementor-section-boxed elementor-section-height-default elementor-section-height-default\" data-id=\"1786d7fd\" data-element_type=\"section\" data-e-type=\"section\">\n\t\t\t\t\t\t<div class=\"elementor-container elementor-column-gap-default\">\n\t\t\t\t\t<div class=\"elementor-column elementor-col-100 elementor-top-column elementor-element elementor-element-1139a647\" data-id=\"1139a647\" data-element_type=\"column\" data-e-type=\"column\">\n\t\t\t<div class=\"elementor-widget-wrap elementor-element-populated\">\n\t\t\t\t\t\t<div class=\"elementor-element elementor-element-7af2432 elementor-widget elementor-widget-text-editor\" data-id=\"7af2432\" data-element_type=\"widget\" data-e-type=\"widget\" data-widget_type=\"text-editor.default\">\n\t\t\t\t<div class=\"elementor-widget-container\">\n\t\t\t\t\t\t\t\t\t<p>A gest\u00e3o dos recursos na CargillPrev \u00e9 conduzida com base em processos estruturados, decis\u00f5es t\u00e9cnicas e disciplina operacional, sempre orientada pela vis\u00e3o de longo prazo que caracteriza a previd\u00eancia complementar. Em um ambiente econ\u00f4mico cada vez mais complexo, o rigor na tomada de decis\u00f5es e a observ\u00e2ncia das normas legais e regulat\u00f3rias permanecem como pilares fundamentais para a prote\u00e7\u00e3o do patrim\u00f4nio dos participantes.<\/p>\t\t\t\t\t\t\t\t<\/div>\n\t\t\t\t<\/div>\n\t\t\t\t\t<\/div>\n\t\t<\/div>\n\t\t\t\t\t<\/div>\n\t\t<\/section>\n\t\t\t\t<section class=\"elementor-section elementor-top-section elementor-element elementor-element-6bff6c4d elementor-section-boxed elementor-section-height-default elementor-section-height-default\" data-id=\"6bff6c4d\" data-element_type=\"section\" data-e-type=\"section\">\n\t\t\t\t\t\t<div class=\"elementor-container elementor-column-gap-default\">\n\t\t\t\t\t<div class=\"elementor-column elementor-col-100 elementor-top-column elementor-element elementor-element-28e21dc7\" data-id=\"28e21dc7\" data-element_type=\"column\" data-e-type=\"column\">\n\t\t\t<div class=\"elementor-widget-wrap elementor-element-populated\">\n\t\t\t\t\t\t<div class=\"elementor-element elementor-element-250aa1a5 elementor-widget elementor-widget-text-editor\" data-id=\"250aa1a5\" data-element_type=\"widget\" data-e-type=\"widget\" data-widget_type=\"text-editor.default\">\n\t\t\t\t<div class=\"elementor-widget-container\">\n\t\t\t\t\t\t\t\t\t<p>Ao longo de 2025, refor\u00e7amos ainda mais nossa estrutura de investimentos e governan\u00e7a. O per\u00edodo foi marcado pela atualiza\u00e7\u00e3o dos gestores de recursos, passando a contar com institui\u00e7\u00f5es de refer\u00eancia no mercado na gest\u00e3o das carteiras. Esse movimento contribuiu para o fortalecimento dos controles, o aumento da efici\u00eancia operacional e o alinhamento cont\u00ednuo \u00e0s melhores pr\u00e1ticas do setor.<\/p>\t\t\t\t\t\t\t\t<\/div>\n\t\t\t\t<\/div>\n\t\t\t\t\t<\/div>\n\t\t<\/div>\n\t\t\t\t\t<\/div>\n\t\t<\/section>\n\t\t\t\t<section class=\"elementor-section elementor-top-section elementor-element elementor-element-6db0b763 elementor-section-boxed elementor-section-height-default elementor-section-height-default\" data-id=\"6db0b763\" data-element_type=\"section\" data-e-type=\"section\">\n\t\t\t\t\t\t<div class=\"elementor-container elementor-column-gap-default\">\n\t\t\t\t\t<div class=\"elementor-column elementor-col-100 elementor-top-column elementor-element elementor-element-618518d9\" data-id=\"618518d9\" data-element_type=\"column\" data-e-type=\"column\">\n\t\t\t<div class=\"elementor-widget-wrap elementor-element-populated\">\n\t\t\t\t\t\t<div class=\"elementor-element elementor-element-6d516e26 elementor-widget elementor-widget-text-editor\" data-id=\"6d516e26\" data-element_type=\"widget\" data-e-type=\"widget\" data-widget_type=\"text-editor.default\">\n\t\t\t\t<div class=\"elementor-widget-container\">\n\t\t\t\t\t\t\t\t\t<p>Nossa estrutura de governan\u00e7a permanece robusta, com cust\u00f3dia e administra\u00e7\u00e3o fiduci\u00e1ria que asseguram o adequado monitoramento dos investimentos, o cumprimento da Pol\u00edtica de Investimentos e a observ\u00e2ncia de todos os requisitos legais e regulat\u00f3rios aplic\u00e1veis. Esses processos s\u00e3o acompanhados de forma cont\u00ednua pelos \u00f3rg\u00e3os de supervis\u00e3o, incluindo a Previc, e avaliados por inst\u00e2ncias independentes, refor\u00e7ando a transpar\u00eancia e a qualidade da gest\u00e3o adotada pela CargillPrev.<\/p>\t\t\t\t\t\t\t\t<\/div>\n\t\t\t\t<\/div>\n\t\t\t\t\t<\/div>\n\t\t<\/div>\n\t\t\t\t\t<\/div>\n\t\t<\/section>\n\t\t\t\t<section class=\"elementor-section elementor-top-section elementor-element elementor-element-15cdd41c elementor-section-boxed elementor-section-height-default elementor-section-height-default\" data-id=\"15cdd41c\" data-element_type=\"section\" data-e-type=\"section\">\n\t\t\t\t\t\t<div class=\"elementor-container elementor-column-gap-default\">\n\t\t\t\t\t<div class=\"elementor-column elementor-col-100 elementor-top-column elementor-element elementor-element-10bff058\" data-id=\"10bff058\" data-element_type=\"column\" data-e-type=\"column\">\n\t\t\t<div class=\"elementor-widget-wrap elementor-element-populated\">\n\t\t\t\t\t\t<div class=\"elementor-element elementor-element-269aa44f box-destaque-materia elementor-widget elementor-widget-text-editor\" data-id=\"269aa44f\" data-element_type=\"widget\" data-e-type=\"widget\" data-widget_type=\"text-editor.default\">\n\t\t\t\t<div class=\"elementor-widget-container\">\n\t\t\t\t\t\t\t\t\t<p><strong>Cen\u00e1rio econ\u00f4mico 2025<\/strong><\/p>\t\t\t\t\t\t\t\t<\/div>\n\t\t\t\t<\/div>\n\t\t\t\t\t<\/div>\n\t\t<\/div>\n\t\t\t\t\t<\/div>\n\t\t<\/section>\n\t\t\t\t<section class=\"elementor-section elementor-top-section elementor-element elementor-element-4535724a elementor-section-boxed elementor-section-height-default elementor-section-height-default\" data-id=\"4535724a\" data-element_type=\"section\" data-e-type=\"section\">\n\t\t\t\t\t\t<div class=\"elementor-container elementor-column-gap-default\">\n\t\t\t\t\t<div class=\"elementor-column elementor-col-100 elementor-top-column elementor-element elementor-element-250a26c9\" data-id=\"250a26c9\" data-element_type=\"column\" data-e-type=\"column\">\n\t\t\t<div class=\"elementor-widget-wrap elementor-element-populated\">\n\t\t\t\t\t\t<div class=\"elementor-element elementor-element-3691015 elementor-widget elementor-widget-text-editor\" data-id=\"3691015\" data-element_type=\"widget\" data-e-type=\"widget\" data-widget_type=\"text-editor.default\">\n\t\t\t\t<div class=\"elementor-widget-container\">\n\t\t\t\t\t\t\t\t\t<p>O ano de 2025 foi marcado por um ambiente econ\u00f4mico de contrastes, combinando momentos de maior otimismo com per\u00edodos de elevada cautela por parte dos mercados. No cen\u00e1rio internacional, a pol\u00edtica econ\u00f4mica e comercial dos Estados Unidos teve papel central na forma\u00e7\u00e3o das expectativas, ao mesmo tempo em que, no Brasil, permaneceram em destaque as preocupa\u00e7\u00f5es com infla\u00e7\u00e3o, pol\u00edtica monet\u00e1ria e din\u00e2mica fiscal.<\/p>\t\t\t\t\t\t\t\t<\/div>\n\t\t\t\t<\/div>\n\t\t\t\t\t<\/div>\n\t\t<\/div>\n\t\t\t\t\t<\/div>\n\t\t<\/section>\n\t\t\t\t<section class=\"elementor-section elementor-top-section elementor-element elementor-element-5512cb98 elementor-section-boxed elementor-section-height-default elementor-section-height-default\" data-id=\"5512cb98\" data-element_type=\"section\" data-e-type=\"section\">\n\t\t\t\t\t\t<div class=\"elementor-container elementor-column-gap-default\">\n\t\t\t\t\t<div class=\"elementor-column elementor-col-100 elementor-top-column elementor-element elementor-element-3df9e039\" data-id=\"3df9e039\" data-element_type=\"column\" data-e-type=\"column\">\n\t\t\t<div class=\"elementor-widget-wrap elementor-element-populated\">\n\t\t\t\t\t\t<div class=\"elementor-element elementor-element-172bbcc7 elementor-widget elementor-widget-text-editor\" data-id=\"172bbcc7\" data-element_type=\"widget\" data-e-type=\"widget\" data-widget_type=\"text-editor.default\">\n\t\t\t\t<div class=\"elementor-widget-container\">\n\t\t\t\t\t\t\t\t\t<p>Nos Estados Unidos, o segundo mandato do presidente Donald Trump trouxe medidas tarif\u00e1rias relevantes, aumentando a imprevisibilidade do ambiente global e contribuindo para uma reavalia\u00e7\u00e3o das perspectivas de crescimento, infla\u00e7\u00e3o e com\u00e9rcio internacional. Esse contexto elevou a volatilidade dos mercados e exigiu maior prud\u00eancia por parte dos investidores, especialmente diante dos poss\u00edveis impactos sobre cadeias produtivas, pre\u00e7os e fluxos de capital.<\/p>\t\t\t\t\t\t\t\t<\/div>\n\t\t\t\t<\/div>\n\t\t\t\t\t<\/div>\n\t\t<\/div>\n\t\t\t\t\t<\/div>\n\t\t<\/section>\n\t\t\t\t<section class=\"elementor-section elementor-top-section elementor-element elementor-element-b388449 elementor-section-boxed elementor-section-height-default elementor-section-height-default\" data-id=\"b388449\" data-element_type=\"section\" data-e-type=\"section\">\n\t\t\t\t\t\t<div class=\"elementor-container elementor-column-gap-default\">\n\t\t\t\t\t<div class=\"elementor-column elementor-col-100 elementor-top-column elementor-element elementor-element-146e9c48\" data-id=\"146e9c48\" data-element_type=\"column\" data-e-type=\"column\">\n\t\t\t<div class=\"elementor-widget-wrap elementor-element-populated\">\n\t\t\t\t\t\t<div class=\"elementor-element elementor-element-3c784637 elementor-widget elementor-widget-text-editor\" data-id=\"3c784637\" data-element_type=\"widget\" data-e-type=\"widget\" data-widget_type=\"text-editor.default\">\n\t\t\t\t<div class=\"elementor-widget-container\">\n\t\t\t\t\t\t\t\t\t<p>Nesse ambiente, a taxa b\u00e1sica de juros americana (Fed Funds) permaneceu est\u00e1vel grande parte de 2025, refletindo as incertezas associadas \u00e0 pol\u00edtica comercial, \u00e0 trajet\u00f3ria inflacion\u00e1ria e ao ritmo da atividade econ\u00f4mica. Ao final do ano, diante de sinais de enfraquecimento do mercado de trabalho, o Federal Reserve iniciou um ciclo de cortes, encerrando o per\u00edodo com juros em 3,75%. A infla\u00e7\u00e3o, embora em desacelera\u00e7\u00e3o, terminou 2025 em 2,7%, ainda acima da meta de 2%. Mesmo com a volatilidade ao longo do ano, os principais \u00edndices acion\u00e1rios registraram desempenho positivo no encerramento do per\u00edodo: o S&amp;P 500 avan\u00e7ou 16,39%, o Dow Jones subiu 12,97% e o Nasdaq 100 teve alta de 20,2%.<\/p>\t\t\t\t\t\t\t\t<\/div>\n\t\t\t\t<\/div>\n\t\t\t\t\t<\/div>\n\t\t<\/div>\n\t\t\t\t\t<\/div>\n\t\t<\/section>\n\t\t\t\t<section class=\"elementor-section elementor-top-section elementor-element elementor-element-b80af67 elementor-section-boxed elementor-section-height-default elementor-section-height-default\" data-id=\"b80af67\" data-element_type=\"section\" data-e-type=\"section\">\n\t\t\t\t\t\t<div class=\"elementor-container elementor-column-gap-default\">\n\t\t\t\t\t<div class=\"elementor-column elementor-col-100 elementor-top-column elementor-element elementor-element-468b024b\" data-id=\"468b024b\" data-element_type=\"column\" data-e-type=\"column\">\n\t\t\t<div class=\"elementor-widget-wrap elementor-element-populated\">\n\t\t\t\t\t\t<div class=\"elementor-element elementor-element-4fd12fd2 elementor-widget elementor-widget-text-editor\" data-id=\"4fd12fd2\" data-element_type=\"widget\" data-e-type=\"widget\" data-widget_type=\"text-editor.default\">\n\t\t\t\t<div class=\"elementor-widget-container\">\n\t\t\t\t\t\t\t\t\t<p>No Brasil, o Banco Central adotou uma postura mais restritiva para conter a infla\u00e7\u00e3o e evitar a desancoragem das expectativas. A taxa Selic, que iniciou o ano em 12,25%, foi elevada para 15% e permaneceu nesse patamar at\u00e9 dezembro. Esse movimento refletiu preocupa\u00e7\u00f5es com o cen\u00e1rio fiscal, a volatilidade cambial e os efeitos clim\u00e1ticos sobre os pre\u00e7os de alimentos e energia. Ao longo de boa parte do ano, o IPCA permaneceu acima de 5%, encerrando 2025 em 4,26%.<\/p>\t\t\t\t\t\t\t\t<\/div>\n\t\t\t\t<\/div>\n\t\t\t\t\t<\/div>\n\t\t<\/div>\n\t\t\t\t\t<\/div>\n\t\t<\/section>\n\t\t\t\t<section class=\"elementor-section elementor-top-section elementor-element elementor-element-feae241 elementor-section-boxed elementor-section-height-default elementor-section-height-default\" data-id=\"feae241\" data-element_type=\"section\" data-e-type=\"section\">\n\t\t\t\t\t\t<div class=\"elementor-container elementor-column-gap-default\">\n\t\t\t\t\t<div class=\"elementor-column elementor-col-100 elementor-top-column elementor-element elementor-element-df2f5ab\" data-id=\"df2f5ab\" data-element_type=\"column\" data-e-type=\"column\">\n\t\t\t<div class=\"elementor-widget-wrap elementor-element-populated\">\n\t\t\t\t\t\t<div class=\"elementor-element elementor-element-d6659e0 elementor-widget elementor-widget-text-editor\" data-id=\"d6659e0\" data-element_type=\"widget\" data-e-type=\"widget\" data-widget_type=\"text-editor.default\">\n\t\t\t\t<div class=\"elementor-widget-container\">\n\t\t\t\t\t\t\t\t\t<p>Apesar do ambiente de juros elevados, o mercado acion\u00e1rio brasileiro apresentou um desempenho bastante positivo. O Ibovespa foi favorecido pela entrada de investidores estrangeiros, pela resili\u00eancia do setor banc\u00e1rio e pelo bom momento das empresas exportadoras de commodities, especialmente no segmento de petr\u00f3leo e min\u00e9rio de ferro. Al\u00e9m disso, a reorganiza\u00e7\u00e3o dos fluxos globais de com\u00e9rcio e os efeitos indiretos das disputas entre grandes economias tamb\u00e9m abriram espa\u00e7o para oportunidades em mercados emergentes, entre eles o Brasil.<\/p>\t\t\t\t\t\t\t\t<\/div>\n\t\t\t\t<\/div>\n\t\t\t\t\t<\/div>\n\t\t<\/div>\n\t\t\t\t\t<\/div>\n\t\t<\/section>\n\t\t\t\t<section class=\"elementor-section elementor-top-section elementor-element elementor-element-cc5c1a9 elementor-section-boxed elementor-section-height-default elementor-section-height-default\" data-id=\"cc5c1a9\" data-element_type=\"section\" data-e-type=\"section\">\n\t\t\t\t\t\t<div class=\"elementor-container elementor-column-gap-default\">\n\t\t\t\t\t<div class=\"elementor-column elementor-col-100 elementor-top-column elementor-element elementor-element-b785524\" data-id=\"b785524\" data-element_type=\"column\" data-e-type=\"column\">\n\t\t\t<div class=\"elementor-widget-wrap elementor-element-populated\">\n\t\t\t\t\t\t<div class=\"elementor-element elementor-element-5c0eb71 elementor-widget elementor-widget-text-editor\" data-id=\"5c0eb71\" data-element_type=\"widget\" data-e-type=\"widget\" data-widget_type=\"text-editor.default\">\n\t\t\t\t<div class=\"elementor-widget-container\">\n\t\t\t\t\t\t\t\t\t<p>De forma geral, 2025 foi um ano em que a combina\u00e7\u00e3o de juros elevados, desafios inflacion\u00e1rios e maior sensibilidade dos mercados aos riscos fiscais e geopol\u00edticos refor\u00e7ou a import\u00e2ncia da diversifica\u00e7\u00e3o, da disciplina de aloca\u00e7\u00e3o e do acompanhamento cont\u00ednuo dos riscos. Em um contexto como esse, a qualidade da governan\u00e7a e a consist\u00eancia dos processos de investimento tornam-se ainda mais relevantes para a preserva\u00e7\u00e3o e a gera\u00e7\u00e3o de valor no longo prazo.<\/p>\t\t\t\t\t\t\t\t<\/div>\n\t\t\t\t<\/div>\n\t\t\t\t\t<\/div>\n\t\t<\/div>\n\t\t\t\t\t<\/div>\n\t\t<\/section>\n\t\t\t\t<section class=\"elementor-section elementor-top-section elementor-element elementor-element-dd1e246 elementor-section-boxed elementor-section-height-default elementor-section-height-default\" data-id=\"dd1e246\" data-element_type=\"section\" data-e-type=\"section\">\n\t\t\t\t\t\t<div class=\"elementor-container elementor-column-gap-default\">\n\t\t\t\t\t<div class=\"elementor-column elementor-col-100 elementor-top-column elementor-element elementor-element-ce16462\" data-id=\"ce16462\" data-element_type=\"column\" data-e-type=\"column\">\n\t\t\t<div class=\"elementor-widget-wrap elementor-element-populated\">\n\t\t\t\t\t\t<div class=\"elementor-element elementor-element-42aed56 elementor-widget elementor-widget-text-editor\" data-id=\"42aed56\" data-element_type=\"widget\" data-e-type=\"widget\" data-widget_type=\"text-editor.default\">\n\t\t\t\t<div class=\"elementor-widget-container\">\n\t\t\t\t\t\t\t\t\t<p>Em rela\u00e7\u00e3o aos principais \u00edndices de mercado em 2025, destacam-se os seguintes desempenhos: CDI (14,32%), IFIX (21,14%), Ibovespa (33,95%), SMLL (30,70%), MSCI World em reais (6,17%), IMA-B (13,17%) e a varia\u00e7\u00e3o do d\u00f3lar frente ao real, que encerrou o per\u00edodo com queda de 11,14%.<\/p>\t\t\t\t\t\t\t\t<\/div>\n\t\t\t\t<\/div>\n\t\t\t\t\t<\/div>\n\t\t<\/div>\n\t\t\t\t\t<\/div>\n\t\t<\/section>\n\t\t\t\t<section class=\"elementor-section elementor-top-section elementor-element elementor-element-1c627371 elementor-section-boxed elementor-section-height-default elementor-section-height-default\" data-id=\"1c627371\" data-element_type=\"section\" data-e-type=\"section\">\n\t\t\t\t\t\t<div class=\"elementor-container elementor-column-gap-default\">\n\t\t\t\t\t<div class=\"elementor-column elementor-col-100 elementor-top-column elementor-element elementor-element-7fa6325d\" data-id=\"7fa6325d\" data-element_type=\"column\" data-e-type=\"column\">\n\t\t\t<div class=\"elementor-widget-wrap elementor-element-populated\">\n\t\t\t\t\t\t<div class=\"elementor-element elementor-element-1b503d58 box-destaque-materia elementor-widget elementor-widget-text-editor\" data-id=\"1b503d58\" data-element_type=\"widget\" data-e-type=\"widget\" data-widget_type=\"text-editor.default\">\n\t\t\t\t<div class=\"elementor-widget-container\">\n\t\t\t\t\t\t\t\t\t<p><strong>Expectativas para 2026<\/strong><\/p>\t\t\t\t\t\t\t\t<\/div>\n\t\t\t\t<\/div>\n\t\t\t\t\t<\/div>\n\t\t<\/div>\n\t\t\t\t\t<\/div>\n\t\t<\/section>\n\t\t\t\t<section class=\"elementor-section elementor-top-section elementor-element elementor-element-4b0a9216 elementor-section-boxed elementor-section-height-default elementor-section-height-default\" data-id=\"4b0a9216\" data-element_type=\"section\" data-e-type=\"section\">\n\t\t\t\t\t\t<div class=\"elementor-container elementor-column-gap-default\">\n\t\t\t\t\t<div class=\"elementor-column elementor-col-100 elementor-top-column elementor-element elementor-element-8bab9ef\" data-id=\"8bab9ef\" data-element_type=\"column\" data-e-type=\"column\">\n\t\t\t<div class=\"elementor-widget-wrap elementor-element-populated\">\n\t\t\t\t\t\t<div class=\"elementor-element elementor-element-32fe0742 elementor-widget elementor-widget-text-editor\" data-id=\"32fe0742\" data-element_type=\"widget\" data-e-type=\"widget\" data-widget_type=\"text-editor.default\">\n\t\t\t\t<div class=\"elementor-widget-container\">\n\t\t\t\t\t\t\t\t\t<p>O ano de 2026 deve seguir marcado por um ambiente econ\u00f4mico desafiador. No cen\u00e1rio internacional, a pol\u00edtica econ\u00f4mica dos Estados Unidos, o ritmo de crescimento global e as tens\u00f5es geopol\u00edticas continuam como importantes vetores de risco, com impactos diretos sobre infla\u00e7\u00e3o, juros e fluxos de capital para mercados emergentes. No Brasil, a aten\u00e7\u00e3o permanece voltada \u00e0 condu\u00e7\u00e3o da pol\u00edtica fiscal, ao processo eleitoral e \u00e0 atua\u00e7\u00e3o do Banco Central.<\/p>\t\t\t\t\t\t\t\t<\/div>\n\t\t\t\t<\/div>\n\t\t\t\t\t<\/div>\n\t\t<\/div>\n\t\t\t\t\t<\/div>\n\t\t<\/section>\n\t\t\t\t<section class=\"elementor-section elementor-top-section elementor-element elementor-element-6eb05ce5 elementor-section-boxed elementor-section-height-default elementor-section-height-default\" data-id=\"6eb05ce5\" data-element_type=\"section\" data-e-type=\"section\">\n\t\t\t\t\t\t<div class=\"elementor-container elementor-column-gap-default\">\n\t\t\t\t\t<div class=\"elementor-column elementor-col-100 elementor-top-column elementor-element elementor-element-a2e8aa9\" data-id=\"a2e8aa9\" data-element_type=\"column\" data-e-type=\"column\">\n\t\t\t<div class=\"elementor-widget-wrap elementor-element-populated\">\n\t\t\t\t\t\t<div class=\"elementor-element elementor-element-c4e8bba elementor-widget elementor-widget-text-editor\" data-id=\"c4e8bba\" data-element_type=\"widget\" data-e-type=\"widget\" data-widget_type=\"text-editor.default\">\n\t\t\t\t<div class=\"elementor-widget-container\">\n\t\t\t\t\t\t\t\t\t<p>Diante desse cen\u00e1rio, a manuten\u00e7\u00e3o de uma estrutura de governan\u00e7a s\u00f3lida, aliada \u00e0 atua\u00e7\u00e3o de gestores e prestadores de servi\u00e7os de primeira linha, seguir\u00e1 como um dos principais pilares para atravessar per\u00edodos de maior volatilidade e capturar valor de forma consistente. Nosso objetivo permanece o mesmo: preservar e fortalecer, ao longo do tempo, o patrim\u00f4nio previdenci\u00e1rio de nossos participantes.<\/p>\t\t\t\t\t\t\t\t<\/div>\n\t\t\t\t<\/div>\n\t\t\t\t\t<\/div>\n\t\t<\/div>\n\t\t\t\t\t<\/div>\n\t\t<\/section>\n\t\t\t\t<section class=\"elementor-section elementor-top-section elementor-element elementor-element-56e582ce elementor-section-boxed elementor-section-height-default elementor-section-height-default\" data-id=\"56e582ce\" data-element_type=\"section\" data-e-type=\"section\">\n\t\t\t\t\t\t<div class=\"elementor-container elementor-column-gap-default\">\n\t\t\t\t\t<div class=\"elementor-column elementor-col-100 elementor-top-column elementor-element elementor-element-323b76e3\" data-id=\"323b76e3\" data-element_type=\"column\" data-e-type=\"column\">\n\t\t\t<div class=\"elementor-widget-wrap elementor-element-populated\">\n\t\t\t\t\t\t<div class=\"elementor-element elementor-element-af834e5 elementor-widget elementor-widget-image\" data-id=\"af834e5\" data-element_type=\"widget\" data-e-type=\"widget\" data-widget_type=\"image.default\">\n\t\t\t\t<div class=\"elementor-widget-container\">\n\t\t\t\t\t\t\t\t\t\t\t\t\t\t\t<img fetchpriority=\"high\" decoding=\"async\" width=\"1024\" height=\"902\" src=\"https:\/\/cargillprev.com.br\/relatorio-anual-2025\/wp-content\/uploads\/2026\/04\/Eduardo-koga-1024x902.jpg\" class=\"attachment-large size-large wp-image-3236\" alt=\"\" srcset=\"https:\/\/cargillprev.com.br\/relatorio-anual-2025\/wp-content\/uploads\/2026\/04\/Eduardo-koga-1024x902.jpg 1024w, https:\/\/cargillprev.com.br\/relatorio-anual-2025\/wp-content\/uploads\/2026\/04\/Eduardo-koga-300x264.jpg 300w, https:\/\/cargillprev.com.br\/relatorio-anual-2025\/wp-content\/uploads\/2026\/04\/Eduardo-koga-768x676.jpg 768w, https:\/\/cargillprev.com.br\/relatorio-anual-2025\/wp-content\/uploads\/2026\/04\/Eduardo-koga-1536x1352.jpg 1536w, https:\/\/cargillprev.com.br\/relatorio-anual-2025\/wp-content\/uploads\/2026\/04\/Eduardo-koga.jpg 1756w\" sizes=\"(max-width: 1024px) 100vw, 1024px\" \/>\t\t\t\t\t\t\t\t\t\t\t\t\t\t\t<\/div>\n\t\t\t\t<\/div>\n\t\t\t\t<div class=\"elementor-element elementor-element-6efbdc85 elementor-widget elementor-widget-text-editor\" data-id=\"6efbdc85\" data-element_type=\"widget\" data-e-type=\"widget\" data-widget_type=\"text-editor.default\">\n\t\t\t\t<div class=\"elementor-widget-container\">\n\t\t\t\t\t\t\t\t\t<p><strong>Eduardo Koga &#8211; <\/strong>Diretor de Investimentos e AETQ\u00a0<\/p>\t\t\t\t\t\t\t\t<\/div>\n\t\t\t\t<\/div>\n\t\t\t\t\t<\/div>\n\t\t<\/div>\n\t\t\t\t\t<\/div>\n\t\t<\/section>\n\t\t\t\t<\/div>\n\t\t","protected":false},"excerpt":{"rendered":"<p>A gest\u00e3o dos recursos na CargillPrev \u00e9 conduzida com base em processos estruturados, decis\u00f5es t\u00e9cnicas e disciplina operacional, sempre orientada pela vis\u00e3o de longo prazo que caracteriza a previd\u00eancia complementar. Em um ambiente econ\u00f4mico cada vez mais complexo, o rigor na tomada de decis\u00f5es e a observ\u00e2ncia das normas legais e regulat\u00f3rias permanecem como pilares [&hellip;]<\/p>\n","protected":false},"author":1,"featured_media":2809,"parent":2414,"menu_order":2,"comment_status":"closed","ping_status":"closed","template":"","meta":{"footnotes":""},"class_list":["post-2416","page","type-page","status-publish","has-post-thumbnail","hentry"],"acf":[],"_links":{"self":[{"href":"https:\/\/cargillprev.com.br\/relatorio-anual-2025\/wp-json\/wp\/v2\/pages\/2416","targetHints":{"allow":["GET"]}}],"collection":[{"href":"https:\/\/cargillprev.com.br\/relatorio-anual-2025\/wp-json\/wp\/v2\/pages"}],"about":[{"href":"https:\/\/cargillprev.com.br\/relatorio-anual-2025\/wp-json\/wp\/v2\/types\/page"}],"author":[{"embeddable":true,"href":"https:\/\/cargillprev.com.br\/relatorio-anual-2025\/wp-json\/wp\/v2\/users\/1"}],"replies":[{"embeddable":true,"href":"https:\/\/cargillprev.com.br\/relatorio-anual-2025\/wp-json\/wp\/v2\/comments?post=2416"}],"version-history":[{"count":24,"href":"https:\/\/cargillprev.com.br\/relatorio-anual-2025\/wp-json\/wp\/v2\/pages\/2416\/revisions"}],"predecessor-version":[{"id":3288,"href":"https:\/\/cargillprev.com.br\/relatorio-anual-2025\/wp-json\/wp\/v2\/pages\/2416\/revisions\/3288"}],"up":[{"embeddable":true,"href":"https:\/\/cargillprev.com.br\/relatorio-anual-2025\/wp-json\/wp\/v2\/pages\/2414"}],"wp:featuredmedia":[{"embeddable":true,"href":"https:\/\/cargillprev.com.br\/relatorio-anual-2025\/wp-json\/wp\/v2\/media\/2809"}],"wp:attachment":[{"href":"https:\/\/cargillprev.com.br\/relatorio-anual-2025\/wp-json\/wp\/v2\/media?parent=2416"}],"curies":[{"name":"wp","href":"https:\/\/api.w.org\/{rel}","templated":true}]}}