{"id":3159,"date":"2026-04-16T08:15:41","date_gmt":"2026-04-16T11:15:41","guid":{"rendered":"https:\/\/crtpropaganda.com.br\/raicargillprev2025\/?page_id=3159"},"modified":"2026-04-16T14:49:24","modified_gmt":"2026-04-16T17:49:24","slug":"mensagem-diretoria-de-beneficios","status":"publish","type":"page","link":"https:\/\/cargillprev.com.br\/relatorio-anual-2025\/nossos-numeros\/mensagem-diretoria-de-beneficios\/","title":{"rendered":"Mensagem Diretoria de Benef\u00edcios"},"content":{"rendered":"\t\t<div data-elementor-type=\"wp-page\" data-elementor-id=\"3159\" class=\"elementor elementor-3159\">\n\t\t\t\t\t\t<section class=\"elementor-section elementor-top-section elementor-element elementor-element-80b8b92 elementor-section-boxed elementor-section-height-default elementor-section-height-default\" data-id=\"80b8b92\" data-element_type=\"section\" data-e-type=\"section\">\n\t\t\t\t\t\t<div class=\"elementor-container elementor-column-gap-default\">\n\t\t\t\t\t<div class=\"elementor-column elementor-col-100 elementor-top-column elementor-element elementor-element-2a34e65\" data-id=\"2a34e65\" data-element_type=\"column\" data-e-type=\"column\">\n\t\t\t<div class=\"elementor-widget-wrap elementor-element-populated\">\n\t\t\t\t\t\t<div class=\"elementor-element elementor-element-423c272 elementor-widget elementor-widget-text-editor\" data-id=\"423c272\" data-element_type=\"widget\" data-e-type=\"widget\" data-widget_type=\"text-editor.default\">\n\t\t\t\t<div class=\"elementor-widget-container\">\n\t\t\t\t\t\t\t\t\t<p>Em 2025, renovamos o nosso compromisso de cuidar do futuro previdenci\u00e1rio de Participantes e Assistidos, com transpar\u00eancia, seguran\u00e7a e proximidade. Cada decis\u00e3o, processo e atendimento tem como objetivo apoiar escolhas mais conscientes e fortalecer a confian\u00e7a de quem constr\u00f3i esse caminho conosco.<\/p>\t\t\t\t\t\t\t\t<\/div>\n\t\t\t\t<\/div>\n\t\t\t\t\t<\/div>\n\t\t<\/div>\n\t\t\t\t\t<\/div>\n\t\t<\/section>\n\t\t\t\t<section class=\"elementor-section elementor-top-section elementor-element elementor-element-4af663d elementor-section-boxed elementor-section-height-default elementor-section-height-default\" data-id=\"4af663d\" data-element_type=\"section\" data-e-type=\"section\">\n\t\t\t\t\t\t<div class=\"elementor-container elementor-column-gap-default\">\n\t\t\t\t\t<div class=\"elementor-column elementor-col-100 elementor-top-column elementor-element elementor-element-3a5ff82\" data-id=\"3a5ff82\" data-element_type=\"column\" data-e-type=\"column\">\n\t\t\t<div class=\"elementor-widget-wrap elementor-element-populated\">\n\t\t\t\t\t\t<div class=\"elementor-element elementor-element-9a644b9 elementor-widget elementor-widget-text-editor\" data-id=\"9a644b9\" data-element_type=\"widget\" data-e-type=\"widget\" data-widget_type=\"text-editor.default\">\n\t\t\t\t<div class=\"elementor-widget-container\">\n\t\t\t\t\t\t\t\t\t<p>Ao final do exerc\u00edcio, o patrim\u00f4nio consolidado administrado pela CargillPrev atingiu R$ 2,29 bilh\u00f5es (+12,08% vs. 2024). A base total alcan\u00e7ou 10.575 Participantes (+6,1%), com 779 novas ades\u00f5es. No per\u00edodo, foram pagos R$ 128,4 milh\u00f5es em benef\u00edcios e demais movimenta\u00e7\u00f5es previstas em regulamento \u2014 resultados sustentados por disciplina na governan\u00e7a e por controles que refor\u00e7am a seguran\u00e7a e a confiabilidade da opera\u00e7\u00e3o.<\/p>\t\t\t\t\t\t\t\t<\/div>\n\t\t\t\t<\/div>\n\t\t\t\t\t<\/div>\n\t\t<\/div>\n\t\t\t\t\t<\/div>\n\t\t<\/section>\n\t\t\t\t<section class=\"elementor-section elementor-top-section elementor-element elementor-element-bd74cb3 elementor-section-boxed elementor-section-height-default elementor-section-height-default\" data-id=\"bd74cb3\" data-element_type=\"section\" data-e-type=\"section\">\n\t\t\t\t\t\t<div class=\"elementor-container elementor-column-gap-default\">\n\t\t\t\t\t<div class=\"elementor-column elementor-col-100 elementor-top-column elementor-element elementor-element-015eba0\" data-id=\"015eba0\" data-element_type=\"column\" data-e-type=\"column\">\n\t\t\t<div class=\"elementor-widget-wrap elementor-element-populated\">\n\t\t\t\t\t\t<div class=\"elementor-element elementor-element-f1cb76a elementor-widget elementor-widget-text-editor\" data-id=\"f1cb76a\" data-element_type=\"widget\" data-e-type=\"widget\" data-widget_type=\"text-editor.default\">\n\t\t\t\t<div class=\"elementor-widget-container\">\n\t\t\t\t\t\t\t\t\t<p>Em 2025, mantivemos o relacionamento cont\u00ednuo com as 16 empresas Patrocinadoras da CargillPrev, sem registro de novas ades\u00f5es ou retiradas de patroc\u00ednio. Para Participantes e Assistidos, essa estabilidade se traduz em continuidade e previsibilidade na manuten\u00e7\u00e3o dos planos, refor\u00e7ando a confian\u00e7a na estrutura que sustenta o seu planejamento previdenci\u00e1rio de longo prazo.<\/p>\t\t\t\t\t\t\t\t<\/div>\n\t\t\t\t<\/div>\n\t\t\t\t\t<\/div>\n\t\t<\/div>\n\t\t\t\t\t<\/div>\n\t\t<\/section>\n\t\t\t\t<section class=\"elementor-section elementor-top-section elementor-element elementor-element-ac7913a elementor-section-boxed elementor-section-height-default elementor-section-height-default\" data-id=\"ac7913a\" data-element_type=\"section\" data-e-type=\"section\">\n\t\t\t\t\t\t<div class=\"elementor-container elementor-column-gap-default\">\n\t\t\t\t\t<div class=\"elementor-column elementor-col-100 elementor-top-column elementor-element elementor-element-1574bd7\" data-id=\"1574bd7\" data-element_type=\"column\" data-e-type=\"column\">\n\t\t\t<div class=\"elementor-widget-wrap elementor-element-populated\">\n\t\t\t\t\t\t<div class=\"elementor-element elementor-element-5b03bdf elementor-widget elementor-widget-text-editor\" data-id=\"5b03bdf\" data-element_type=\"widget\" data-e-type=\"widget\" data-widget_type=\"text-editor.default\">\n\t\t\t\t<div class=\"elementor-widget-container\">\n\t\t\t\t\t\t\t\t\t<p>Tamb\u00e9m avan\u00e7amos em ajustes de processos e comunica\u00e7\u00f5es relacionados ao regramento tribut\u00e1rio, diante da Lei n\u00ba 14.803\/2024, para que Assistidos e pensionistas tivessem mais clareza e suporte na escolha do regime tribut\u00e1rio, quando aplic\u00e1vel, com efeitos apenas para valores futuros. E conduzimos com transpar\u00eancia e cuidado o encerramento do Plano Mais Vida (31\/12\/2025), com cronograma para quita\u00e7\u00e3o das reservas at\u00e9 30\/04\/2026.<\/p>\t\t\t\t\t\t\t\t<\/div>\n\t\t\t\t<\/div>\n\t\t\t\t\t<\/div>\n\t\t<\/div>\n\t\t\t\t\t<\/div>\n\t\t<\/section>\n\t\t\t\t<section class=\"elementor-section elementor-top-section elementor-element elementor-element-221b1e4 elementor-section-boxed elementor-section-height-default elementor-section-height-default\" data-id=\"221b1e4\" data-element_type=\"section\" data-e-type=\"section\">\n\t\t\t\t\t\t<div class=\"elementor-container elementor-column-gap-default\">\n\t\t\t\t\t<div class=\"elementor-column elementor-col-100 elementor-top-column elementor-element elementor-element-8302b9b\" data-id=\"8302b9b\" data-element_type=\"column\" data-e-type=\"column\">\n\t\t\t<div class=\"elementor-widget-wrap elementor-element-populated\">\n\t\t\t\t\t\t<div class=\"elementor-element elementor-element-5e5dd7f elementor-widget elementor-widget-text-editor\" data-id=\"5e5dd7f\" data-element_type=\"widget\" data-e-type=\"widget\" data-widget_type=\"text-editor.default\">\n\t\t\t\t<div class=\"elementor-widget-container\">\n\t\t\t\t\t\t\t\t\t<p>Adicionalmente, seguimos trabalhando com as \u00e1reas de Recursos Humanos e Enterprises na avalia\u00e7\u00e3o de alternativas para integrar planos de previd\u00eancia complementar de empresas adquiridas, sempre com responsabilidade e com foco na prote\u00e7\u00e3o dos interesses de Participantes e Assistidos. Este Relat\u00f3rio Anual refor\u00e7a a solidez da gest\u00e3o e o compromisso da CargillPrev com seguran\u00e7a, transpar\u00eancia e qualidade na administra\u00e7\u00e3o dos planos. Seguiremos evoluindo para servir voc\u00ea cada vez melhor \u2014 e para que a previd\u00eancia complementar siga sendo uma base de prote\u00e7\u00e3o e tranquilidade no seu planejamento de longo prazo.<\/p>\t\t\t\t\t\t\t\t<\/div>\n\t\t\t\t<\/div>\n\t\t\t\t\t<\/div>\n\t\t<\/div>\n\t\t\t\t\t<\/div>\n\t\t<\/section>\n\t\t\t\t<section class=\"elementor-section elementor-top-section elementor-element elementor-element-2be79d7 elementor-section-boxed elementor-section-height-default elementor-section-height-default\" data-id=\"2be79d7\" data-element_type=\"section\" data-e-type=\"section\">\n\t\t\t\t\t\t<div class=\"elementor-container elementor-column-gap-default\">\n\t\t\t\t\t<div class=\"elementor-column elementor-col-100 elementor-top-column elementor-element elementor-element-72d1d50\" data-id=\"72d1d50\" data-element_type=\"column\" data-e-type=\"column\">\n\t\t\t<div class=\"elementor-widget-wrap elementor-element-populated\">\n\t\t\t\t\t\t<div class=\"elementor-element elementor-element-f7fca56 elementor-widget elementor-widget-image\" data-id=\"f7fca56\" data-element_type=\"widget\" data-e-type=\"widget\" data-widget_type=\"image.default\">\n\t\t\t\t<div class=\"elementor-widget-container\">\n\t\t\t\t\t\t\t\t\t\t\t\t\t\t\t<img fetchpriority=\"high\" decoding=\"async\" width=\"1024\" height=\"820\" src=\"https:\/\/cargillprev.com.br\/relatorio-anual-2025\/wp-content\/uploads\/2026\/04\/Giseli-Goes-1024x820.jpg\" class=\"attachment-large size-large wp-image-3240\" alt=\"\" srcset=\"https:\/\/cargillprev.com.br\/relatorio-anual-2025\/wp-content\/uploads\/2026\/04\/Giseli-Goes-1024x820.jpg 1024w, https:\/\/cargillprev.com.br\/relatorio-anual-2025\/wp-content\/uploads\/2026\/04\/Giseli-Goes-300x240.jpg 300w, https:\/\/cargillprev.com.br\/relatorio-anual-2025\/wp-content\/uploads\/2026\/04\/Giseli-Goes-768x615.jpg 768w, https:\/\/cargillprev.com.br\/relatorio-anual-2025\/wp-content\/uploads\/2026\/04\/Giseli-Goes-1536x1231.jpg 1536w, https:\/\/cargillprev.com.br\/relatorio-anual-2025\/wp-content\/uploads\/2026\/04\/Giseli-Goes.jpg 1871w\" sizes=\"(max-width: 1024px) 100vw, 1024px\" \/>\t\t\t\t\t\t\t\t\t\t\t\t\t\t\t<\/div>\n\t\t\t\t<\/div>\n\t\t\t\t<div class=\"elementor-element elementor-element-a9bc8bb elementor-widget elementor-widget-text-editor\" data-id=\"a9bc8bb\" data-element_type=\"widget\" data-e-type=\"widget\" data-widget_type=\"text-editor.default\">\n\t\t\t\t<div class=\"elementor-widget-container\">\n\t\t\t\t\t\t\t\t\t<p><strong>Giseli Goes &#8211; <\/strong>Diretora de Benef\u00edcios e ARPB<\/p>\t\t\t\t\t\t\t\t<\/div>\n\t\t\t\t<\/div>\n\t\t\t\t\t<\/div>\n\t\t<\/div>\n\t\t\t\t\t<\/div>\n\t\t<\/section>\n\t\t\t\t<\/div>\n\t\t","protected":false},"excerpt":{"rendered":"<p>Em 2025, renovamos o nosso compromisso de cuidar do futuro previdenci\u00e1rio de Participantes e Assistidos, com transpar\u00eancia, seguran\u00e7a e proximidade. Cada decis\u00e3o, processo e atendimento tem como objetivo apoiar escolhas mais conscientes e fortalecer a confian\u00e7a de quem constr\u00f3i esse caminho conosco. Ao final do exerc\u00edcio, o patrim\u00f4nio consolidado administrado pela CargillPrev atingiu R$ 2,29 [&hellip;]<\/p>\n","protected":false},"author":1,"featured_media":3117,"parent":2403,"menu_order":0,"comment_status":"closed","ping_status":"closed","template":"","meta":{"footnotes":""},"class_list":["post-3159","page","type-page","status-publish","has-post-thumbnail","hentry"],"acf":[],"_links":{"self":[{"href":"https:\/\/cargillprev.com.br\/relatorio-anual-2025\/wp-json\/wp\/v2\/pages\/3159","targetHints":{"allow":["GET"]}}],"collection":[{"href":"https:\/\/cargillprev.com.br\/relatorio-anual-2025\/wp-json\/wp\/v2\/pages"}],"about":[{"href":"https:\/\/cargillprev.com.br\/relatorio-anual-2025\/wp-json\/wp\/v2\/types\/page"}],"author":[{"embeddable":true,"href":"https:\/\/cargillprev.com.br\/relatorio-anual-2025\/wp-json\/wp\/v2\/users\/1"}],"replies":[{"embeddable":true,"href":"https:\/\/cargillprev.com.br\/relatorio-anual-2025\/wp-json\/wp\/v2\/comments?post=3159"}],"version-history":[{"count":11,"href":"https:\/\/cargillprev.com.br\/relatorio-anual-2025\/wp-json\/wp\/v2\/pages\/3159\/revisions"}],"predecessor-version":[{"id":3278,"href":"https:\/\/cargillprev.com.br\/relatorio-anual-2025\/wp-json\/wp\/v2\/pages\/3159\/revisions\/3278"}],"up":[{"embeddable":true,"href":"https:\/\/cargillprev.com.br\/relatorio-anual-2025\/wp-json\/wp\/v2\/pages\/2403"}],"wp:featuredmedia":[{"embeddable":true,"href":"https:\/\/cargillprev.com.br\/relatorio-anual-2025\/wp-json\/wp\/v2\/media\/3117"}],"wp:attachment":[{"href":"https:\/\/cargillprev.com.br\/relatorio-anual-2025\/wp-json\/wp\/v2\/media?parent=3159"}],"curies":[{"name":"wp","href":"https:\/\/api.w.org\/{rel}","templated":true}]}}